{"id":1871,"date":"2023-10-04T17:15:01","date_gmt":"2023-10-04T15:15:01","guid":{"rendered":"https:\/\/www.anett.fr\/?page_id=1871"},"modified":"2025-07-10T16:53:09","modified_gmt":"2025-07-10T14:53:09","slug":"ladn-anett-une-histoire-de-famille","status":"publish","type":"page","link":"https:\/\/www.anett.fr\/index.php\/decouvrir-anett\/ladn-anett-une-histoire-de-famille\/","title":{"rendered":"L&rsquo;ADN Anett, une histoire de famille"},"content":{"rendered":"\n<h2>\n\t\t\tNotre histoire\t<\/h2>\n\t\t\t\t<img decoding=\"async\" src=\"https:\/\/www.anett.fr\/wp-content\/uploads\/2023\/05\/etoile.png\" alt=\"etoile\" itemprop=\"image\" height=\"222\" width=\"236\" title=\"etoile\" onerror=\"this.style.display='none'\" loading='lazy' \/>\n<h2>\n\t\t\tAnett, Diff\u00e9rents par Nature\t<\/h2>\n<h2>\n\t\t\tNotre histoire de famille\t<\/h2>\n\tEntreprise <strong>familiale<\/strong>, <strong>ind\u00e9pendante<\/strong> et <strong>engag\u00e9e<\/strong>, Anett est \u00e0 vos c\u00f4t\u00e9s depuis pr\u00e8s de 90 ans, pour faciliter<strong> la<\/strong> <strong>location et l&rsquo;entretien <\/strong>de votre linge professionnel.<br \/>\nN\u00e9e sur les bords du Thouet, Anett est depuis l&rsquo;origine, fi\u00e8re de ses ancrages territoriaux.\n<p>Seule entreprise nationale de location-entretien \u00e0 conserver son si\u00e8ge social dans un territoire rural. <strong>Anett<\/strong> sait depuis toujours respecter son environnement et privil\u00e9gier la force du lien social.<\/p>\n<p>Ses valeurs humaines et environnementales, cet <strong>ancrage local historique<\/strong>, ont permis depuis toujours de mettre en \u0153uvre de mani\u00e8re collective des <strong>actions RSE<\/strong> concr\u00e8tes. Partout en France, Anett s&rsquo;est ainsi d\u00e9velopp\u00e9e en suivant ses principes au c\u0153ur des territoires.<\/p>\n\t<p>Nous sommes une entreprise diff\u00e9rente par nature :<\/p>\n<ul>\n<li><strong>Responsable<\/strong> comme doit l&rsquo;\u00eatre une entreprise familiale<br \/>\net ind\u00e9pendante,<\/li>\n<li><strong>Sociale<\/strong> car c&rsquo;est la force du lien qui cr\u00e9e l&rsquo;engagement,<\/li>\n<li><strong>Environnementale<\/strong> parce que nous respectons depuis toujours les espaces naturels qui nous entourent.<\/li>\n<\/ul>\n<p>Fi\u00e8re de son histoire, Anett r\u00e9invente son avenir, g\u00e9n\u00e9ration apr\u00e8s g\u00e9n\u00e9ration, anim\u00e9e par une vision \u00e0 tr\u00e8s long terme. <strong>Anett<\/strong>, c&rsquo;est l&rsquo;alternative \u00e0 taille humaine, reconnue pour la qualit\u00e9 de son service client et de ses engagements. Alliant complicit\u00e9, transparence et durabilit\u00e9, Anett est guid\u00e9e par sa recherche de l&rsquo;excellence dans la <strong>relation client<\/strong> pour mieux vous servir.<\/p>\n<h2>\n\t\t\tNos valeurs\t<\/h2>\n\t<ul>\n\t\t<li><h3>Familiale<\/h3><p>Un lien unique qui fait notre diff\u00e9rence<\/p><\/li>\t<\/ul>\n\t<ul>\n\t\t<li><h3>Engag\u00e9e<\/h3><p>Un h\u00e9ritage qui nous guide pour mettre en \u0153uvre des actions concr\u00e8tes<\/p><\/li>\t<\/ul>\n\t<ul>\n\t\t<li><h3>Humaine<\/h3><p>Une relation fond\u00e9e sur le respect et la confiance mutuelle<\/p><\/li>\t<\/ul>\n\t<ul>\n\t\t<li><h3>Durable<\/h3><p>Une histoire qui se perp\u00e9tue de g\u00e9n\u00e9ration en g\u00e9n\u00e9ration<\/p><\/li>\t<\/ul>\n\t<ul>\n\t\t<li><h3>Transparente<\/h3><p>Une qualit\u00e9 reconnue qui implique d&rsquo;\u00eatre honn\u00eate et authentique<\/p><\/li>\t<\/ul>\n<h2>\n\t\t\tFiers de notre h\u00e9ritage\t<\/h2>\n\t\t\t\t1935\t\t\t\n\t\t\t\t1955\t\t\t\n\t\t\t\t1960 \u00e0 1970\t\t\t\n\t\t\t\t1972 \u00e0 1976\t\t\t\n\t\t\t\t1980 \u00e0 2010\t\t\t\n\t\t\t\t2011\t\t\t\n\t\t\t\t2023\t\t\t\n\t\t\t\t\t\t\t\t\t\t\t\t\t\t\t\t\t\t\t\t\t\t\t<h3>La Blanchisserie du Thouet<\/h3> \t\t\t\t\t\t\t\t\t\t\t\n\t\t\t\t\t\t\t\t\t\t\t\t\t\t\t\t\t\t\t\t\t\t\t\t\t\t\t\t\t\t\t\t\t\t\t\t\t\t\t\t\t\t\t\t\t\t\t\t\t\t\t\t\t\t\t\t<p><img loading=\"lazy\" decoding=\"async\" src=\"https:\/\/www.anett.fr\/wp-content\/uploads\/2023\/10\/ANETT-PictoFrise_1.png\" alt=\"\" width=\"145\" height=\"147\" \/>La cr\u00e9ation de la \u00ab Blanchisserie du Thouet \u00bb par Paulette et Ren\u00e9 BILLY, les grands-parents de notre Pr\u00e9sident marque le d\u00e9but de l&rsquo;aventure. Les clients particuliers, d\u00e9posaient leurs petits paquets de linge sale puis les r\u00e9cup\u00e9raient propres.<\/p> \t\t\t\t\t\t\t\t\t\t\t\t\t\t\t\t\t\t\t\t\t\t\t\t\t\t\t\t\t\n\t\t\t\t\t\t\t\t\t\t\t\t\t\t\t\t\t\t\t\t\t\t\t<h3>Anett<\/h3> \t\t\t\t\t\t\t\t\t\t\t\n\t\t\t\t\t\t\t\t\t\t\t\t\t\t\t\t\t\t\t\t\t\t\t\t\t\t\t\t\t\t\t\t\t\t\t\t\t\t\t\t\t\t\t\t\t\t\t\t\t\t\t\t\t\t\t\t<p><img loading=\"lazy\" decoding=\"async\" src=\"https:\/\/www.anett.fr\/wp-content\/uploads\/2023\/10\/ANETT-PictoFrise_2.png\" alt=\"\" width=\"183\" height=\"145\" \/>La \u00ab Blanchisserie du Thouet \u00bb devient \u00ab ANETT \u00bb. Le service \u00e9volue, le linge est livr\u00e9 et ramass\u00e9 dans des d\u00e9p\u00f4ts des villes environnantes.<\/p> \t\t\t\t\t\t\t\t\t\t\t\t\t\t\t\t\t\t\t\t\t\t\t\t\t\t\t\t\t\n\t\t\t\t\t\t\t\t\t\t\t\t\t\t\t\t\t\t\t\t\t\t\t<h3>Nettoyage \u00e0 sec<\/h3> \t\t\t\t\t\t\t\t\t\t\t\n\t\t\t\t\t\t\t\t\t\t\t\t\t\t\t\t\t\t\t\t\t\t\t\t\t\t\t\t\t\t\t\t\t\t\t\t\t\t\t\t\t\t\t\t\t\t\t\t\t\t\t\t\t\t\t\t<p><img loading=\"lazy\" decoding=\"async\" src=\"https:\/\/www.anett.fr\/wp-content\/uploads\/2023\/10\/ANETT-PictoFrise_3.png\" alt=\"\" width=\"185\" height=\"147\" \/>L&rsquo;activit\u00e9 des petits paquets est progressivement compl\u00e9t\u00e9e par du nettoyage \u00e0 sec. ANETT compte alors 28 pressings.<\/p> \t\t\t\t\t\t\t\t\t\t\t\t\t\t\t\t\t\t\t\t\t\t\t\t\t\t\t\t\t\n\t\t\t\t\t\t\t\t\t\t\t\t\t\t\t\t\t\t\t\t\t\t\t<h3>Anett<\/h3> \t\t\t\t\t\t\t\t\t\t\t\n\t\t\t\t\t\t\t\t\t\t\t\t\t\t\t\t\t\t\t\t\t\t\t\t\t\t\t\t\t\t\t\t\t\t\t\t\t\t\t\t\t\t\t\t\t\t\t\t\t\t\t\t\t\t\t\t<p><img loading=\"lazy\" decoding=\"async\" src=\"https:\/\/www.anett.fr\/wp-content\/uploads\/2023\/10\/ANETT-PictoFrise_4_OK.png\" alt=\"\" width=\"185\" height=\"150\" \/>C&rsquo;est le v\u00e9ritable d\u00e9but de l&rsquo;activit\u00e9 de location entretien pour les professionnels, marqu\u00e9 par le premier rachat d&rsquo;usine \u00e0 Surg\u00e8res, qui deviendra \u00ab ANETT Atlantique \u00bb..<br \/><a href=\"https:\/\/www.anett.fr\/nos-prestations\/la-location-entretien\/\">&gt; D\u00e9couvrez notre m\u00e9tier<\/a>\u00a0<\/p> \t\t\t\t\t\t\t\t\t\t\t\t\t\t\t\t\t\t\t\t\t\t\t\t\t\t\t\t\t\n\t\t\t\t\t\t\t\t\t\t\t\t\t\t\t\t\t\t\t\t\t\t\t<h3>\u00c9chelle nationale<\/h3> \t\t\t\t\t\t\t\t\t\t\t\n\t\t\t\t\t\t\t\t\t\t\t\t\t\t\t\t\t\t\t\t\t\t\t\t\t\t\t\t\t\t\t\t\t\t\t\t\t\t\t\t\t\t\t\t\t\t\t\t\t\t\t\t\t\t\t\t<p><img loading=\"lazy\" decoding=\"async\" src=\"https:\/\/www.anett.fr\/wp-content\/uploads\/2023\/10\/ANETT-PictoFrise_5.png\" alt=\"\" width=\"185\" height=\"175\" \/>ANETT se d\u00e9veloppe \u00e0 l&rsquo;\u00e9chelle nationale par l&rsquo;acquisition d&rsquo;autres blanchisseries familiales. C&rsquo;est en 1990 que le si\u00e8ge social est construit, sur l&#8217;emplacement historique de la \u00ab Blanchisserie du Thouet \u00bb.<\/p> \t\t\t\t\t\t\t\t\t\t\t\t\t\t\t\t\t\t\t\t\t\t\t\t\t\t\t\t\t\n\t\t\t\t\t\t\t\t\t\t\t\t\t\t\t\t\t\t\t\t\t\t\t<h3>Chiff Anett<\/h3> \t\t\t\t\t\t\t\t\t\t\t\n\t\t\t\t\t\t\t\t\t\t\t\t\t\t\t\t\t\t\t\t\t\t\t\t\t\t\t\t\t\t\t\t\t\t\t\t\t\t\t\t\t\t\t\t\t\t\t\t\t\t\t\t\t\t\t\t<p><img loading=\"lazy\" decoding=\"async\" src=\"https:\/\/www.anett.fr\/wp-content\/uploads\/2023\/10\/ANETT-PictoFrise_7.png\" alt=\"\" width=\"175\" height=\"166\" \/>ANETT innove avec la cr\u00e9ation de Chiff&rsquo;Anett, notre plateforme d\u00e9di\u00e9e \u00e0 la revalorisation et au recyclage du linge. Cette initiative donne une nouvelle dimension \u00e0 notre politique RSE.<\/p> \t\t\t\t\t\t\t\t\t\t\t\t\t\t\t\t\t\t\t\t\t\t\t\t\t\t\t\t\t\n\t\t\t\t\t\t\t\t\t\t\t\t\t\t\t\t\t\t\t\t\t\t\t<h3>Retour aux origines<\/h3> \t\t\t\t\t\t\t\t\t\t\t\n\t\t\t\t\t\t\t\t\t\t\t\t\t\t\t\t\t\t\t\t\t\t\t\t\t\t\t\t\t\t\t\t\t\t\t\t\t\t\t\t\t\t\t\t\t\t\t\t\t\t\t\t\t\t\t\t<p><img loading=\"lazy\" decoding=\"async\" src=\"https:\/\/www.anett.fr\/wp-content\/uploads\/2024\/02\/retour-aux-origines-900x854.png\" alt=\"\" width=\"175\" height=\"166\" \/>La famille ANETT s&rsquo;agrandit et s&rsquo;installe en PACA. Par ailleurs, le groupe d\u00e9veloppe son activit\u00e9 linge de r\u00e9sidents avec 4 nouvelles implantations. C&rsquo;est donc un retour aux origines : le linge pour les particuliers.<\/p> \t\t\t\t\t\t\t\t\t\t\t\t\t\t\t\t\t\t\t\t\t\t\t\t\t\t\t\t\t\n\t\t<h2>\n\t\t\tNos collaborateurs parlent de  nous !\t<\/h2>\n\t<meta itemscope itemprop=\"mainEntityOfPage\" itemtype=\"https:\/\/schema.org\/WebPage\" itemid=\"https:\/\/www.anett.fr\/index.php\/temoignage\/agent-de-production-1\/\" content=\"Agent de production 1\" \/><meta itemprop=\"datePublished\" content=\"2024-02-13\" \/><meta itemprop=\"dateModified\" content=\"2024-02-27\" \/><meta itemprop=\"name\" content=\"Anett\"\/><meta itemprop=\"url\" content=\"https:\/\/www.anett.fr\/index.php\/author\/delphine\/\" \/><meta itemprop=\"name\" content=\"Delphine Bichon\" \/><meta itemprop=\"interactionType\" content=\"https:\/\/schema.org\/CommentAction\" \/><meta itemprop=\"userInteractionCount\" content=\"0\" \/>\n    \t<img decoding=\"async\" src=\"https:\/\/www.anett.fr\/wp-content\/uploads\/2024\/02\/5-etoiles-anett.png\" title=\"5-etoiles-anett\" \/>\n    \t<p>Apr\u00e8s plus de 20 ans chez Anett, j&rsquo;ai eu la curiosit\u00e9 de m&rsquo;int\u00e9resser aux clients, et aujourd&rsquo;hui j&rsquo;ai une bonne connaissance des clients. L&rsquo;ambiance est tr\u00e8s bonne, il y a une bonne entraide et un tr\u00e8s bon soutien des coll\u00e8gues au quotidien. Mon travail est int\u00e9ressant et diversifiant. C&rsquo;est un plaisir de former de nouveaux arrivants, j&rsquo;essaie toujours de mettre \u00e0 l&rsquo;aise les personnes et de faire en sorte qu&rsquo;ils aient envie de revenir sans appr\u00e9hensions.<\/p>\n        Agn\u00e9s\n    \tAgent de production\n\t<meta itemscope itemprop=\"mainEntityOfPage\" itemtype=\"https:\/\/schema.org\/WebPage\" itemid=\"https:\/\/www.anett.fr\/index.php\/temoignage\/responsable-adjoint-de-production\/\" content=\"Responsable adjoint de production\" \/><meta itemprop=\"datePublished\" content=\"2024-02-13\" \/><meta itemprop=\"dateModified\" content=\"2024-02-27\" \/><meta itemprop=\"name\" content=\"Anett\"\/><meta itemprop=\"url\" content=\"https:\/\/www.anett.fr\/index.php\/author\/delphine\/\" \/><meta itemprop=\"name\" content=\"Delphine Bichon\" \/><meta itemprop=\"interactionType\" content=\"https:\/\/schema.org\/CommentAction\" \/><meta itemprop=\"userInteractionCount\" content=\"0\" \/>\n    \t<img decoding=\"async\" src=\"https:\/\/www.anett.fr\/wp-content\/uploads\/2024\/02\/5-etoiles-anett.png\" title=\"5-etoiles-anett\" \/>\n    \t<p>Je n&rsquo;aurais jamais pens\u00e9 atteindre cette fonction. Merci \u00e0 l&rsquo;entreprise et au si\u00e8ge de me donner cette confiance quotidienne. L&rsquo;ambiance de l&rsquo;usine me permet d&rsquo;\u0153uvrer chaque jour dans la joie et la bonne humeur et facilite mon int\u00e9gration.<\/p>\n        Kevin\n    \tResponsable adjoint de production\n\t<meta itemscope itemprop=\"mainEntityOfPage\" itemtype=\"https:\/\/schema.org\/WebPage\" itemid=\"https:\/\/www.anett.fr\/index.php\/temoignage\/agent-de-distribution-1\/\" content=\"Agent de distribution 1\" \/><meta itemprop=\"datePublished\" content=\"2024-02-13\" \/><meta itemprop=\"dateModified\" content=\"2024-02-27\" \/><meta itemprop=\"name\" content=\"Anett\"\/><meta itemprop=\"url\" content=\"https:\/\/www.anett.fr\/index.php\/author\/delphine\/\" \/><meta itemprop=\"name\" content=\"Delphine Bichon\" \/><meta itemprop=\"interactionType\" content=\"https:\/\/schema.org\/CommentAction\" \/><meta itemprop=\"userInteractionCount\" content=\"0\" \/>\n    \t<img decoding=\"async\" src=\"https:\/\/www.anett.fr\/wp-content\/uploads\/2024\/02\/5-etoiles-anett.png\" title=\"5-etoiles-anett\" \/>\n    \tCe que j&rsquo;aime avant tout dans ce travail c&rsquo;est l&rsquo;autonomie.<br \/>\nLa conduite en montagne est un atout pour l&rsquo;exp\u00e9rience. Les conditions climatiques et les al\u00e9as de la route, nous obligent \u00e0 nous adapter jour apr\u00e8s jour et font de nous des professionnels de la route.<br \/>\nLa soci\u00e9t\u00e9 Anett m&rsquo;a permis de d\u00e9buter dans le m\u00e9tier et de parfaire mon exp\u00e9rience.\n        Oriane\n    \tAgent de distribution\n\t<meta itemscope itemprop=\"mainEntityOfPage\" itemtype=\"https:\/\/schema.org\/WebPage\" itemid=\"https:\/\/www.anett.fr\/index.php\/temoignage\/pourquoi-avoir-choisi-ce-metier\/\" content=\"Pourquoi avoir choisi ce m\u00e9tier ?\" \/><meta itemprop=\"datePublished\" content=\"2023-10-25\" \/><meta itemprop=\"dateModified\" content=\"2024-02-27\" \/><meta itemprop=\"name\" content=\"Anett\"\/><meta itemprop=\"url\" content=\"https:\/\/www.anett.fr\/index.php\/author\/maelyss\/\" \/><meta itemprop=\"name\" content=\"Maelyss Berteaud\" \/><meta itemprop=\"interactionType\" content=\"https:\/\/schema.org\/CommentAction\" \/><meta itemprop=\"userInteractionCount\" content=\"0\" \/>\n    \t<img decoding=\"async\" src=\"https:\/\/www.anett.fr\/wp-content\/uploads\/2024\/02\/5-etoiles-anett.png\" title=\"5-etoiles-anett\" \/>\n    \t<p>Travailler chez Anett est une exp\u00e9rience tr\u00e8s enrichissante qui me permet de relever des d\u00e9fis. Je tiens \u00e0 \u00eatre toujours rigoureuse dans mon travail pour mener \u00e0 bien mes missions. Gr\u00e2ce \u00e0 la bonne coh\u00e9sion d&rsquo;\u00e9quipe je me sens bien chez Anett.<\/p>\n        Ath\u00e9na\u00efs\n    \tAnimatrice de production\n<h2>\n\t\t\tNotre vision de la relation client\t<\/h2>\n\t\t\t<a href=\"https:\/\/www.anett.fr\/decouvrir-anett\/le-service-client-notre-priorite\/\" title=\"Cliquez ici\" target=\"_self\"   role=\"button\" aria-label=\"D\u00e9couvrir\">\n\t\t\t\t\t\t\tD\u00e9couvrir\n\t\t<\/a>\n<h2>\n\t\t<a href=\"https:\/\/www.anett.fr\/decouvrir-anett\/conscience-environnementale-le-defi-de-tous-les-jours\/\" title=\"Notre conscience environnementale\"  target=\"_self\">\n\t\t\tNotre conscience environnementale\t\t<\/a>\n\t<\/h2>\n\t\t\t<a href=\"https:\/\/www.anett.fr\/decouvrir-anett\/conscience-environnementale-le-defi-de-tous-les-jours\/\" title=\"Cliquez ici\" target=\"_self\"   role=\"button\" aria-label=\"D\u00e9couvrir\">\n\t\t\t\t\t\t\tD\u00e9couvrir\n\t\t<\/a>\n<h2>\n\t\t\tNos relations <br \/>humaines\t<\/h2>\n\t\t\t<a href=\"https:\/\/www.anett.fr\/decouvrir-anett\/lhumain-au-coeur-de-notre-quotidien\/\" title=\"Cliquez ici\" target=\"_self\"   role=\"button\" aria-label=\"D\u00e9couvrir\">\n\t\t\t\t\t\t\tD\u00e9couvrir\n\t\t<\/a>\n<h2>\n\t\t<a href=\"https:\/\/www.anett.fr\/decouvrir-anett\/conscience-environnementale-le-defi-de-tous-les-jours\/\" title=\"Notre ancrage territorial\"  target=\"_self\">\n\t\t\tNotre ancrage <br \/>territorial\t\t<\/a>\n\t<\/h2>\n\t\t\t<a href=\"https:\/\/www.anett.fr\/decouvrir-anett\/conscience-environnementale-le-defi-de-tous-les-jours\/\" title=\"Cliquez ici\" target=\"_self\"   role=\"button\" aria-label=\"D\u00e9couvrir\">\n\t\t\t\t\t\t\tD\u00e9couvrir\n\t\t<\/a>\n\n","protected":false},"excerpt":{"rendered":"<p>Notre histoire Anett, Diff\u00e9rents par Nature Notre histoire de famille Entreprise familiale, ind\u00e9pendante et engag\u00e9e, Anett est \u00e0 vos c\u00f4t\u00e9s depuis pr\u00e8s de 90 ans, pour faciliter la location et l&rsquo;entretien de votre linge professionnel. N\u00e9e sur les bords du Thouet, Anett est depuis l&rsquo;origine, fi\u00e8re de ses ancrages territoriaux. Seule entreprise nationale de location-entretien&hellip;<\/p>\n","protected":false},"author":5,"featured_media":0,"parent":600,"menu_order":1,"comment_status":"closed","ping_status":"closed","template":"","meta":{"footnotes":""},"class_list":["post-1871","page","type-page","status-publish","hentry"],"yoast_head":"<!-- This site is optimized with the Yoast SEO plugin v27.4 - https:\/\/yoast.com\/product\/yoast-seo-wordpress\/ -->\n<title>L&#039;ADN Anett, une histoire de famille - Anett<\/title>\n<meta name=\"description\" content=\"ANETT, n\u00e9e sur les bords du Thouet, est depuis l\u2019origine fi\u00e8re de ses ancrages territoriaux. Seule entreprise nationale de la location-entretien \u00e0 conserver son si\u00e8ge social dans un territoire rural.\" \/>\n<meta name=\"robots\" content=\"index, follow, max-snippet:-1, max-image-preview:large, max-video-preview:-1\" \/>\n<link rel=\"canonical\" href=\"https:\/\/www.anett.fr\/index.php\/decouvrir-anett\/ladn-anett-une-histoire-de-famille\/\" \/>\n<meta property=\"og:locale\" content=\"fr_FR\" \/>\n<meta property=\"og:type\" content=\"article\" \/>\n<meta property=\"og:title\" content=\"L&#039;ADN Anett, une histoire de famille - Anett\" \/>\n<meta property=\"og:description\" content=\"ANETT, n\u00e9e sur les bords du Thouet, est depuis l\u2019origine fi\u00e8re de ses ancrages territoriaux. Seule entreprise nationale de la location-entretien \u00e0 conserver son si\u00e8ge social dans un territoire rural.\" \/>\n<meta property=\"og:url\" content=\"https:\/\/www.anett.fr\/index.php\/decouvrir-anett\/ladn-anett-une-histoire-de-famille\/\" \/>\n<meta property=\"og:site_name\" content=\"Anett\" \/>\n<meta property=\"article:publisher\" content=\"https:\/\/www.facebook.com\/profile.php?id=100065673331976\" \/>\n<meta property=\"article:modified_time\" content=\"2025-07-10T14:53:09+00:00\" \/>\n<meta property=\"og:image\" content=\"https:\/\/www.anett.fr\/wp-content\/uploads\/2023\/05\/etoile.png\" \/>\n<meta name=\"twitter:card\" content=\"summary_large_image\" \/>\n<meta name=\"twitter:label1\" content=\"Dur\u00e9e de lecture estim\u00e9e\" \/>\n\t<meta name=\"twitter:data1\" content=\"7 minutes\" \/>\n<script type=\"application\/ld+json\" class=\"yoast-schema-graph\">{\"@context\":\"https:\\\/\\\/schema.org\",\"@graph\":[{\"@type\":\"WebPage\",\"@id\":\"https:\\\/\\\/www.anett.fr\\\/index.php\\\/decouvrir-anett\\\/ladn-anett-une-histoire-de-famille\\\/\",\"url\":\"https:\\\/\\\/www.anett.fr\\\/index.php\\\/decouvrir-anett\\\/ladn-anett-une-histoire-de-famille\\\/\",\"name\":\"L'ADN Anett, une histoire de famille - Anett\",\"isPartOf\":{\"@id\":\"https:\\\/\\\/www.anett.fr\\\/index.php\\\/#website\"},\"primaryImageOfPage\":{\"@id\":\"https:\\\/\\\/www.anett.fr\\\/index.php\\\/decouvrir-anett\\\/ladn-anett-une-histoire-de-famille\\\/#primaryimage\"},\"image\":{\"@id\":\"https:\\\/\\\/www.anett.fr\\\/index.php\\\/decouvrir-anett\\\/ladn-anett-une-histoire-de-famille\\\/#primaryimage\"},\"thumbnailUrl\":\"https:\\\/\\\/www.anett.fr\\\/wp-content\\\/uploads\\\/2023\\\/05\\\/etoile.png\",\"datePublished\":\"2023-10-04T15:15:01+00:00\",\"dateModified\":\"2025-07-10T14:53:09+00:00\",\"description\":\"ANETT, n\u00e9e sur les bords du Thouet, est depuis l\u2019origine fi\u00e8re de ses ancrages territoriaux. Seule entreprise nationale de la location-entretien \u00e0 conserver son si\u00e8ge social dans un territoire rural.\",\"breadcrumb\":{\"@id\":\"https:\\\/\\\/www.anett.fr\\\/index.php\\\/decouvrir-anett\\\/ladn-anett-une-histoire-de-famille\\\/#breadcrumb\"},\"inLanguage\":\"fr-FR\",\"potentialAction\":[{\"@type\":\"ReadAction\",\"target\":[\"https:\\\/\\\/www.anett.fr\\\/index.php\\\/decouvrir-anett\\\/ladn-anett-une-histoire-de-famille\\\/\"]}]},{\"@type\":\"ImageObject\",\"inLanguage\":\"fr-FR\",\"@id\":\"https:\\\/\\\/www.anett.fr\\\/index.php\\\/decouvrir-anett\\\/ladn-anett-une-histoire-de-famille\\\/#primaryimage\",\"url\":\"https:\\\/\\\/www.anett.fr\\\/wp-content\\\/uploads\\\/2023\\\/05\\\/etoile.png\",\"contentUrl\":\"https:\\\/\\\/www.anett.fr\\\/wp-content\\\/uploads\\\/2023\\\/05\\\/etoile.png\"},{\"@type\":\"BreadcrumbList\",\"@id\":\"https:\\\/\\\/www.anett.fr\\\/index.php\\\/decouvrir-anett\\\/ladn-anett-une-histoire-de-famille\\\/#breadcrumb\",\"itemListElement\":[{\"@type\":\"ListItem\",\"position\":1,\"name\":\"Accueil\",\"item\":\"https:\\\/\\\/www.anett.fr\\\/index.php\\\/\"},{\"@type\":\"ListItem\",\"position\":2,\"name\":\"D\u00e9couvrir Anett\",\"item\":\"https:\\\/\\\/www.anett.fr\\\/index.php\\\/decouvrir-anett\\\/\"},{\"@type\":\"ListItem\",\"position\":3,\"name\":\"L&rsquo;ADN Anett, une histoire de famille\"}]},{\"@type\":\"WebSite\",\"@id\":\"https:\\\/\\\/www.anett.fr\\\/index.php\\\/#website\",\"url\":\"https:\\\/\\\/www.anett.fr\\\/index.php\\\/\",\"name\":\"Anett\",\"description\":\"Nous portons chaque jour les valeurs de notre engagement\",\"publisher\":{\"@id\":\"https:\\\/\\\/www.anett.fr\\\/index.php\\\/#organization\"},\"alternateName\":\"Anett, Diff\u00e9rents par Nature\",\"potentialAction\":[{\"@type\":\"SearchAction\",\"target\":{\"@type\":\"EntryPoint\",\"urlTemplate\":\"https:\\\/\\\/www.anett.fr\\\/index.php\\\/?s={search_term_string}\"},\"query-input\":{\"@type\":\"PropertyValueSpecification\",\"valueRequired\":true,\"valueName\":\"search_term_string\"}}],\"inLanguage\":\"fr-FR\"},{\"@type\":\"Organization\",\"@id\":\"https:\\\/\\\/www.anett.fr\\\/index.php\\\/#organization\",\"name\":\"Anett\",\"alternateName\":\"Anett, Diff\u00e9rents par Nature\",\"url\":\"https:\\\/\\\/www.anett.fr\\\/index.php\\\/\",\"logo\":{\"@type\":\"ImageObject\",\"inLanguage\":\"fr-FR\",\"@id\":\"https:\\\/\\\/www.anett.fr\\\/index.php\\\/#\\\/schema\\\/logo\\\/image\\\/\",\"url\":\"https:\\\/\\\/www.anett.fr\\\/wp-content\\\/uploads\\\/2024\\\/02\\\/logo-anett-2024.png\",\"contentUrl\":\"https:\\\/\\\/www.anett.fr\\\/wp-content\\\/uploads\\\/2024\\\/02\\\/logo-anett-2024.png\",\"width\":696,\"height\":696,\"caption\":\"Anett\"},\"image\":{\"@id\":\"https:\\\/\\\/www.anett.fr\\\/index.php\\\/#\\\/schema\\\/logo\\\/image\\\/\"},\"sameAs\":[\"https:\\\/\\\/www.facebook.com\\\/profile.php?id=100065673331976\",\"https:\\\/\\\/www.linkedin.com\\\/company\\\/anett\\\/\"]}]}<\/script>\n<!-- \/ Yoast SEO plugin. -->","yoast_head_json":{"title":"L'ADN Anett, une histoire de famille - Anett","description":"ANETT, n\u00e9e sur les bords du Thouet, est depuis l\u2019origine fi\u00e8re de ses ancrages territoriaux. Seule entreprise nationale de la location-entretien \u00e0 conserver son si\u00e8ge social dans un territoire rural.","robots":{"index":"index","follow":"follow","max-snippet":"max-snippet:-1","max-image-preview":"max-image-preview:large","max-video-preview":"max-video-preview:-1"},"canonical":"https:\/\/www.anett.fr\/index.php\/decouvrir-anett\/ladn-anett-une-histoire-de-famille\/","og_locale":"fr_FR","og_type":"article","og_title":"L'ADN Anett, une histoire de famille - Anett","og_description":"ANETT, n\u00e9e sur les bords du Thouet, est depuis l\u2019origine fi\u00e8re de ses ancrages territoriaux. Seule entreprise nationale de la location-entretien \u00e0 conserver son si\u00e8ge social dans un territoire rural.","og_url":"https:\/\/www.anett.fr\/index.php\/decouvrir-anett\/ladn-anett-une-histoire-de-famille\/","og_site_name":"Anett","article_publisher":"https:\/\/www.facebook.com\/profile.php?id=100065673331976","article_modified_time":"2025-07-10T14:53:09+00:00","og_image":[{"url":"https:\/\/www.anett.fr\/wp-content\/uploads\/2023\/05\/etoile.png","type":"","width":"","height":""}],"twitter_card":"summary_large_image","twitter_misc":{"Dur\u00e9e de lecture estim\u00e9e":"7 minutes"},"schema":{"@context":"https:\/\/schema.org","@graph":[{"@type":"WebPage","@id":"https:\/\/www.anett.fr\/index.php\/decouvrir-anett\/ladn-anett-une-histoire-de-famille\/","url":"https:\/\/www.anett.fr\/index.php\/decouvrir-anett\/ladn-anett-une-histoire-de-famille\/","name":"L'ADN Anett, une histoire de famille - Anett","isPartOf":{"@id":"https:\/\/www.anett.fr\/index.php\/#website"},"primaryImageOfPage":{"@id":"https:\/\/www.anett.fr\/index.php\/decouvrir-anett\/ladn-anett-une-histoire-de-famille\/#primaryimage"},"image":{"@id":"https:\/\/www.anett.fr\/index.php\/decouvrir-anett\/ladn-anett-une-histoire-de-famille\/#primaryimage"},"thumbnailUrl":"https:\/\/www.anett.fr\/wp-content\/uploads\/2023\/05\/etoile.png","datePublished":"2023-10-04T15:15:01+00:00","dateModified":"2025-07-10T14:53:09+00:00","description":"ANETT, n\u00e9e sur les bords du Thouet, est depuis l\u2019origine fi\u00e8re de ses ancrages territoriaux. Seule entreprise nationale de la location-entretien \u00e0 conserver son si\u00e8ge social dans un territoire rural.","breadcrumb":{"@id":"https:\/\/www.anett.fr\/index.php\/decouvrir-anett\/ladn-anett-une-histoire-de-famille\/#breadcrumb"},"inLanguage":"fr-FR","potentialAction":[{"@type":"ReadAction","target":["https:\/\/www.anett.fr\/index.php\/decouvrir-anett\/ladn-anett-une-histoire-de-famille\/"]}]},{"@type":"ImageObject","inLanguage":"fr-FR","@id":"https:\/\/www.anett.fr\/index.php\/decouvrir-anett\/ladn-anett-une-histoire-de-famille\/#primaryimage","url":"https:\/\/www.anett.fr\/wp-content\/uploads\/2023\/05\/etoile.png","contentUrl":"https:\/\/www.anett.fr\/wp-content\/uploads\/2023\/05\/etoile.png"},{"@type":"BreadcrumbList","@id":"https:\/\/www.anett.fr\/index.php\/decouvrir-anett\/ladn-anett-une-histoire-de-famille\/#breadcrumb","itemListElement":[{"@type":"ListItem","position":1,"name":"Accueil","item":"https:\/\/www.anett.fr\/index.php\/"},{"@type":"ListItem","position":2,"name":"D\u00e9couvrir Anett","item":"https:\/\/www.anett.fr\/index.php\/decouvrir-anett\/"},{"@type":"ListItem","position":3,"name":"L&rsquo;ADN Anett, une histoire de famille"}]},{"@type":"WebSite","@id":"https:\/\/www.anett.fr\/index.php\/#website","url":"https:\/\/www.anett.fr\/index.php\/","name":"Anett","description":"Nous portons chaque jour les valeurs de notre engagement","publisher":{"@id":"https:\/\/www.anett.fr\/index.php\/#organization"},"alternateName":"Anett, Diff\u00e9rents par Nature","potentialAction":[{"@type":"SearchAction","target":{"@type":"EntryPoint","urlTemplate":"https:\/\/www.anett.fr\/index.php\/?s={search_term_string}"},"query-input":{"@type":"PropertyValueSpecification","valueRequired":true,"valueName":"search_term_string"}}],"inLanguage":"fr-FR"},{"@type":"Organization","@id":"https:\/\/www.anett.fr\/index.php\/#organization","name":"Anett","alternateName":"Anett, Diff\u00e9rents par Nature","url":"https:\/\/www.anett.fr\/index.php\/","logo":{"@type":"ImageObject","inLanguage":"fr-FR","@id":"https:\/\/www.anett.fr\/index.php\/#\/schema\/logo\/image\/","url":"https:\/\/www.anett.fr\/wp-content\/uploads\/2024\/02\/logo-anett-2024.png","contentUrl":"https:\/\/www.anett.fr\/wp-content\/uploads\/2024\/02\/logo-anett-2024.png","width":696,"height":696,"caption":"Anett"},"image":{"@id":"https:\/\/www.anett.fr\/index.php\/#\/schema\/logo\/image\/"},"sameAs":["https:\/\/www.facebook.com\/profile.php?id=100065673331976","https:\/\/www.linkedin.com\/company\/anett\/"]}]}},"_links":{"self":[{"href":"https:\/\/www.anett.fr\/index.php\/wp-json\/wp\/v2\/pages\/1871","targetHints":{"allow":["GET"]}}],"collection":[{"href":"https:\/\/www.anett.fr\/index.php\/wp-json\/wp\/v2\/pages"}],"about":[{"href":"https:\/\/www.anett.fr\/index.php\/wp-json\/wp\/v2\/types\/page"}],"author":[{"embeddable":true,"href":"https:\/\/www.anett.fr\/index.php\/wp-json\/wp\/v2\/users\/5"}],"replies":[{"embeddable":true,"href":"https:\/\/www.anett.fr\/index.php\/wp-json\/wp\/v2\/comments?post=1871"}],"version-history":[{"count":1,"href":"https:\/\/www.anett.fr\/index.php\/wp-json\/wp\/v2\/pages\/1871\/revisions"}],"predecessor-version":[{"id":44657,"href":"https:\/\/www.anett.fr\/index.php\/wp-json\/wp\/v2\/pages\/1871\/revisions\/44657"}],"up":[{"embeddable":true,"href":"https:\/\/www.anett.fr\/index.php\/wp-json\/wp\/v2\/pages\/600"}],"wp:attachment":[{"href":"https:\/\/www.anett.fr\/index.php\/wp-json\/wp\/v2\/media?parent=1871"}],"curies":[{"name":"wp","href":"https:\/\/api.w.org\/{rel}","templated":true}]}}