{"id":1877,"date":"2023-10-04T17:20:35","date_gmt":"2023-10-04T15:20:35","guid":{"rendered":"https:\/\/www.anett.fr\/?page_id=1877"},"modified":"2025-12-04T16:05:23","modified_gmt":"2025-12-04T15:05:23","slug":"conscience-environnementale-le-defi-de-tous-les-jours","status":"publish","type":"page","link":"https:\/\/www.anett.fr\/index.php\/decouvrir-anett\/conscience-environnementale-le-defi-de-tous-les-jours\/","title":{"rendered":"Conscience environnementale, le d\u00e9fi de tous les jours"},"content":{"rendered":"\n<h2>\n\t\t\tNos d\u00e9fis de tous les jours\t<\/h2>\n\t\t\t\t<img decoding=\"async\" src=\"https:\/\/www.anett.fr\/wp-content\/uploads\/2023\/05\/etoile.png\" alt=\"etoile\" itemprop=\"image\" height=\"222\" width=\"236\" title=\"etoile\" onerror=\"this.style.display='none'\" loading='lazy' \/>\n<h2>\n\t\t\tUne conscience environnementale par nature\t<\/h2>\n\t\t<nav>\n\t\t\t<ul>\n\t\t\t\t\t\t\t\t<li data-index=\"0\" tabindex=\"0\">\n\t\t\t\t\t<h4>\n\t\t\t\t\t\t<a href=\"javascript:void(0);\" tabindex=\"-1\">Notre engagement RSE\n\t\t\t\t\t\t\t\t\t\t\t\t<\/a>\n\t\t\t\t\t<\/h4>\n\t\t\t\t<\/li>\n\t\t\t\t\t\t\t\t<li data-index=\"1\" tabindex=\"0\">\n\t\t\t\t\t<h4>\n\t\t\t\t\t\t<a href=\"javascript:void(0);\" tabindex=\"-1\">Notre conscience environnementale\n\t\t\t\t\t\t\t\t\t\t\t\t<\/a>\n\t\t\t\t\t<\/h4>\n\t\t\t\t<\/li>\n\t\t\t\t\t\t\t<\/ul>\n\t\t<\/nav>\n\t\t\t\t\t<h4>\n\t\t\t\t\t\t\t\t\t\t\t\tNotre engagement RSE\n\t\t\t\t\t\t\t\t\t\t\t<\/h4>\n\t\t\t\t\t<div class=\"fl-builder-content fl-builder-content-2071 fl-builder-template fl-builder-row-template fl-builder-global-templates-locked\" data-post-id=\"2071\"><div class=\"fl-row fl-row-full-width fl-row-bg-none fl-node-jg2uwv8z31bo fl-row-default-height fl-row-align-center\" data-node=\"jg2uwv8z31bo\">\n\t<div class=\"fl-row-content-wrap\">\n\t\t\t\t\t\t\t\t<div class=\"fl-row-content fl-row-fixed-width fl-node-content\">\n\t\t\n<div class=\"fl-col-group fl-node-r4ci10msuh7n\" data-node=\"r4ci10msuh7n\">\n\t\t\t<div class=\"fl-col fl-node-ou4w3t589zrm fl-col-bg-color fl-col-has-cols\" data-node=\"ou4w3t589zrm\">\n\t<div class=\"fl-col-content fl-node-content\">\n<div class=\"fl-col-group fl-node-nu2cpilo8wsa fl-col-group-nested fl-col-group-equal-height fl-col-group-align-top\" data-node=\"nu2cpilo8wsa\">\n\t\t\t<div class=\"fl-col fl-node-cy1376e8jn5v fl-col-bg-color\" data-node=\"cy1376e8jn5v\">\n\t<div class=\"fl-col-content fl-node-content\"><div class=\"fl-module fl-module-rich-text fl-node-teg4568fwho7 contenu-texte-2\" data-node=\"teg4568fwho7\">\n\t<div class=\"fl-module-content fl-node-content\">\n\t\t<div class=\"fl-rich-text\">\n\t<p>Parce que nous sommes conscients que nous \u00e9voluons dans un monde fini,<br \/>\nnous nous sommes engag\u00e9s depuis 2015 dans une <strong>d\u00e9marche de RSE globale<\/strong> dont l\u2019ambition est d\u2019aboutir d'ici \u00e0 2025<br \/>\n\u00e0 la mise en place d\u2019un Syst\u00e8me de Management Interne inspir\u00e9 du r\u00e9f\u00e9rentiel de l\u2019ISO 26000.<br \/>\nEn adh\u00e9rant en 2015 aux 10 engagements du Global Compact, en souscrivant aux 17 Objectifs de D\u00e9veloppement Durable<br \/>\nd\u00e9finis par l\u2019ONU et en cr\u00e9ant sa Charte RSE, Anett a franchi une premi\u00e8re \u00e9tape indispensable :<br \/>\nint\u00e9grer les principes fondamentaux des Droits de l\u2019Homme et de la RSE au c\u0153ur de ses valeurs, de sa vision et de sa strat\u00e9gie.<br \/>\nD\u00e8s 2016, nous avons cr\u00e9\u00e9 un Comit\u00e9 du D\u00e9veloppement Durable qui a permis de d\u00e9finir des axes d'engagement et des enjeux,<br \/>\nint\u00e9gr\u00e9s concr\u00e8tement dans nos services et notre travail au quotidien depuis lors.<br \/>\nAujourd'hui, nous avons l'ambition de construire l'\u00e9tape suivante, en cr\u00e9ant une <strong>v\u00e9ritable Direction RSE<\/strong><br \/>\n\u00e0 m\u00eame de porter et diffuser les enjeux soci\u00e9taux dans tous nos services, dans tous nos projets.<\/p>\n<\/div>\n\t<\/div>\n<\/div>\n<\/div>\n<\/div>\n\t<\/div>\n<\/div>\n<\/div>\n\t<\/div>\n\n<div class=\"fl-col-group fl-node-tz2bpm0s5yoq\" data-node=\"tz2bpm0s5yoq\">\n\t\t\t<div class=\"fl-col fl-node-0os31q8kbef9 fl-col-bg-color\" data-node=\"0os31q8kbef9\">\n\t<div class=\"fl-col-content fl-node-content\"><div class=\"fl-module fl-module-heading fl-node-odbgv8qhifuk titre-4 tab-quote\" data-node=\"odbgv8qhifuk\">\n\t<div class=\"fl-module-content fl-node-content\">\n\t\t<h2 class=\"fl-heading\">\n\t\t<span class=\"fl-heading-text\">Pour que notre strat\u00e9gie d'entreprise devienne r\u00e9solument <br>RSE par nature<\/span>\n\t<\/h2>\n\t<\/div>\n<\/div>\n<\/div>\n<\/div>\n\t<\/div>\n\n<div class=\"fl-col-group fl-node-d9mb0tfwqei6\" data-node=\"d9mb0tfwqei6\">\n\t\t\t<div class=\"fl-col fl-node-0ymzdqgbw34j fl-col-bg-color\" data-node=\"0ymzdqgbw34j\">\n\t<div class=\"fl-col-content fl-node-content\"><div class=\"fl-module fl-module-uabb-button fl-node-ip1lt2zukwcj cta-1 vert\" data-node=\"ip1lt2zukwcj\">\n\t<div class=\"fl-module-content fl-node-content\">\n\t\t\n<div class=\"uabb-module-content uabb-button-wrap uabb-creative-button-wrap uabb-button-width-auto uabb-creative-button-width-auto uabb-button-center uabb-creative-button-center uabb-button-reponsive-center uabb-creative-button-reponsive-center\">\n\t\t\t<a href=\"https:\/\/www.anett.fr\/wp-content\/uploads\/2025\/07\/ANETT-RSE-5-Rapport-annuel-2024-2025-vImpression-A4.pdf\" title=\"T\u00e9l\u00e9chargez revue de d\u00e9veloppement durable\" target=\"_blank\" rel=\"noopener\" class=\"uabb-button ast-button uabb-creative-button uabb-creative-default-btn   \"  role=\"button\" aria-label=\"T\u00e9l\u00e9chargez revue &lt;br&gt;de d\u00e9veloppement durable\">\n\t\t\t\t\t\t\t<span class=\"uabb-button-text uabb-creative-button-text\">T\u00e9l\u00e9chargez revue <br>de d\u00e9veloppement durable<\/span>\n\t\t\t\t\t\t\t\n\t\t\t\t\t\t\n\t\t<\/a>\n\t<\/div>\n\n\n\n\n\t<\/div>\n<\/div>\n<\/div>\n<\/div>\n\t<\/div>\n\t\t<\/div>\n\t<\/div>\n<\/div>\n<\/div><div class=\"uabb-js-breakpoint\" style=\"display: none;\"><\/div>\t\t\t\t\n\t\t\t\t\t<h4>\n\t\t\t\t\t\t\t\t\t\t\t\tNotre conscience environnementale\n\t\t\t\t\t\t\t\t\t\t\t<\/h4>\n\t\t\t\t\t<div class=\"fl-builder-content fl-builder-content-2075 fl-builder-template fl-builder-row-template fl-builder-global-templates-locked\" data-post-id=\"2075\"><div class=\"fl-row fl-row-full-width fl-row-bg-none fl-node-e7u3pw1yk6tg fl-row-default-height fl-row-align-center\" data-node=\"e7u3pw1yk6tg\">\n\t<div class=\"fl-row-content-wrap\">\n\t\t\t\t\t\t\t\t<div class=\"fl-row-content fl-row-fixed-width fl-node-content\">\n\t\t\n<div class=\"fl-col-group fl-node-29ks5gihpvq0\" data-node=\"29ks5gihpvq0\">\n\t\t\t<div class=\"fl-col fl-node-tzyvxmglkona fl-col-bg-color fl-col-has-cols\" data-node=\"tzyvxmglkona\">\n\t<div class=\"fl-col-content fl-node-content\">\n<div class=\"fl-col-group fl-node-0pc3xi1vtq2l fl-col-group-nested\" data-node=\"0pc3xi1vtq2l\">\n\t\t\t<div class=\"fl-col fl-node-knwd0c2iqlxy fl-col-bg-color\" data-node=\"knwd0c2iqlxy\">\n\t<div class=\"fl-col-content fl-node-content\"><div class=\"fl-module fl-module-rich-text fl-node-jc342ngoypue contenu-texte-2\" data-node=\"jc342ngoypue\">\n\t<div class=\"fl-module-content fl-node-content\">\n\t\t<div class=\"fl-rich-text\">\n\t<p style=\"text-align: center;\">Anett cherche \u00e0 offrir un service de mani\u00e8re durable<br \/>\ntout en limitant la consommation et le gaspillage de ressources et en diminuant son impact environnemental.<br \/>\nNous sommes pr\u00e9sents sur chacun des 4R de l\u2019\u00e9conomie circulaire : r\u00e9duire, r\u00e9utiliser, r\u00e9parer, recycler.<br \/>\nNous sommes \u00e9galement attentifs \u00e0 la pr\u00e9servation de toutes les ressources vitales que sont :<\/p>\n<\/div>\n\t<\/div>\n<\/div>\n<\/div>\n<\/div>\n\t<\/div>\n<\/div>\n<\/div>\n\t<\/div>\n\n<div class=\"fl-col-group fl-node-y69pz584q27f\" data-node=\"y69pz584q27f\">\n\t\t\t<div class=\"fl-col fl-node-21cgq75pjfkv fl-col-bg-color\" data-node=\"21cgq75pjfkv\">\n\t<div class=\"fl-col-content fl-node-content\"><div class=\"fl-module fl-module-heading fl-node-19n6jz5pgf0c titre-4 tab-quote\" data-node=\"19n6jz5pgf0c\">\n\t<div class=\"fl-module-content fl-node-content\">\n\t\t<h2 class=\"fl-heading\">\n\t\t<span class=\"fl-heading-text\">L\u2019eau, l\u2019air et l\u2019\u00e9nergie.<\/span>\n\t<\/h2>\n\t<\/div>\n<\/div>\n<\/div>\n<\/div>\n\t<\/div>\n\n<div class=\"fl-col-group fl-node-un65hdj8reyi\" data-node=\"un65hdj8reyi\">\n\t\t\t<div class=\"fl-col fl-node-vwm0pj65tu9e fl-col-bg-color\" data-node=\"vwm0pj65tu9e\">\n\t<div class=\"fl-col-content fl-node-content\"><div class=\"fl-module fl-module-uabb-button fl-node-2v4ajlzd86tf cta-1 vert\" data-node=\"2v4ajlzd86tf\">\n\t<div class=\"fl-module-content fl-node-content\">\n\t\t\n<div class=\"uabb-module-content uabb-button-wrap uabb-creative-button-wrap uabb-button-width-auto uabb-creative-button-width-auto uabb-button-center uabb-creative-button-center uabb-button-reponsive-center uabb-creative-button-reponsive-center\">\n\t\t\t<a href=\"https:\/\/www.anett.fr\/wp-content\/uploads\/2025\/07\/ANETT-RSE-5-Rapport-annuel-2024-2025-vImpression-A4.pdf\" title=\"T\u00e9l\u00e9chargez revue de d\u00e9veloppement durable\" target=\"_self\"  class=\"uabb-button ast-button uabb-creative-button uabb-creative-default-btn   \"  role=\"button\" aria-label=\"T\u00e9l\u00e9chargez revue &lt;br&gt;de d\u00e9veloppement durable\">\n\t\t\t\t\t\t\t<span class=\"uabb-button-text uabb-creative-button-text\">T\u00e9l\u00e9chargez revue <br>de d\u00e9veloppement durable<\/span>\n\t\t\t\t\t\t\t\n\t\t\t\t\t\t\n\t\t<\/a>\n\t<\/div>\n\n\n\n\n\t<\/div>\n<\/div>\n<\/div>\n<\/div>\n\t<\/div>\n\t\t<\/div>\n\t<\/div>\n<\/div>\n<\/div><div class=\"uabb-js-breakpoint\" style=\"display: none;\"><\/div>\t\t\t\t\n\t\t\t\t\t<!-- \/content -->\n\t<!-- \/tabs -->\n<h2>\n\t\t\tLes actions en faveur de l&rsquo;eau\t<\/h2>\n\t<p><em>L&rsquo;eau est une ressource vitale pour l&rsquo;homme&#8230; comme pour Anett. Pas d&rsquo;eau, pas de linge propre ! Et comme nous avons <\/em><em>conscience qu&rsquo;il s&rsquo;agit d&rsquo;un bien commun de l&rsquo;humanit\u00e9, nous mettons tout en \u0153uvre pour pr\u00e9server, en quantit\u00e9 comme en <\/em><em>qualit\u00e9, cet \u00ab or bleu \u00bb.<\/em><\/p>\n\t<p>Anett agit sur l&rsquo;ensemble de son cycle de l&rsquo;eau pour l&rsquo;optimiser toujours plus, partout o\u00f9 cela est possible.<\/p>\n<p>En choisissant de nouveaux \u00e9quipements de lavage, plus innovants et performants et en investissant dans une transformation permettant l&rsquo;usage de la lessive liquide, la quantit\u00e9 d&rsquo;eau n\u00e9cessaire \u00e0 chaque lavage diminue, tout comme celle des produits lessiviels. Le traitement des eaux us\u00e9es industrielles s&rsquo;en trouve facilit\u00e9. Et pour aller encore plus loin, nous recyclons au maximum l&rsquo;eau en circuit ferm\u00e9, pour la r\u00e9utiliser dans notre process.<\/p>\n<p>En nous confiant l&rsquo;entretien de vos articles textiles, <strong>vous participez ainsi \u00e0 la pr\u00e9servation des ressources en eau<\/strong>.<\/p>\n\t\t\t<a href=\"https:\/\/youtu.be\/r9LSh2bTCKs\" title=\"Cliquez ici\" target=\"_blank\" rel=\"noopener\"  role=\"button\" aria-label=\"Consultez notre vid\u00e9o\">\n\t\t\t\t\t\t\tConsultez notre vid\u00e9o\n\t\t<\/a>\n\t\t\t\t<a href=\"https:\/\/www.anett.fr\/wp-content\/uploads\/2024\/02\/anett-cycle-de-leau-V2-scaled.jpg\"  target=\"_self\" itemprop=\"url\">\n\t\t\t\t<img decoding=\"async\" src=\"https:\/\/www.anett.fr\/wp-content\/uploads\/2024\/02\/anett-cycle-de-leau-V2-scaled.jpg\" alt=\"anett-cycle-de-leau-V2\" itemprop=\"image\" height=\"1810\" width=\"2560\" title=\"anett-cycle-de-leau-V2\" onerror=\"this.style.display='none'\" loading='lazy' \/>\n\t\t\t\t<\/a>\n<h2>\n\t\t\tChiffres cl\u00e9s\t<\/h2>\n\t\t<h2>0%<\/h2>Part des eaux de rejet r\u00e9utilis\u00e9es\n\t\t<h2>0%<\/h2>Part d&rsquo;eau \u00e9conomis\u00e9e par rapport \u00e0 un lavage domestique\n\t\t<h2>0%<\/h2>Part des sites\u00a0 disposant d&rsquo;une station d&rsquo;\u00e9puration\n\t<p>Gr\u00e2ce \u00e0 un syst\u00e8me innovant de recyclage des eaux de rejet en circuit ferm\u00e9, c&rsquo;est la part de ce que nous parviendrons \u00e0 r\u00e9utiliser. Ce sont autant de litres d&rsquo;eau que nous n&rsquo;aurons plus besoin de pr\u00e9lever dans l&rsquo;\u00e9cosyst\u00e8me. D\u00e9j\u00e0 install\u00e9 et en cours d&rsquo;optimisation sur l&rsquo;un de nos sites, nous pr\u00e9voyons de d\u00e9ployer ce syst\u00e8me sur l&rsquo;ensemble du groupe d&rsquo;ici \u00e0 2030.<\/p>\n\t<p>Pour laver 1kg de linge, notre process de lavage utilise moins de 7l d&rsquo;eau quand une machine domestique en aura besoin de 16l \u00e0 20l.<\/p>\n\t<p>Pr\u00e8s de la moiti\u00e9 de nos sites de location entretien traite directement leurs propres eaux us\u00e9es industrielles (boues activ\u00e9es, lagunage, lits de roseaux). Cela \u00e9vite notamment de surcharger les stations d&rsquo;\u00e9puration urbaines.<\/p>\n<h2>\n\t\t\tLes actions en faveur de l&rsquo;\u00e9nergie\t<\/h2>\n<h2>\n\t\t\tDes investissements orient\u00e9s\t<\/h2>\n\t<p>Tout comme ils permettent des \u00e9conomies d&rsquo;eau, les nouveaux tunnels de lavage que nous installons sont \u00e9galement moins \u00e9nergivores. La transformation de notre process pour permettre l&rsquo;utilisation de lessive liquide, plut\u00f4t que poudre, a \u00e9galement produit une \u00e9conomie directe d&rsquo;\u00e9nergie en permettant de laver \u00e0 plus basse temp\u00e9rature.<\/p>\n<h2>\n\t\t\tVers l&rsquo;autoconsommation gr\u00e2ce aux \u00e9nergies renouvelables\t<\/h2>\n\t<p>Et pour la part d&rsquo;\u00e9nergie dont nous aurons toujours besoin, nous engageons une transition vers une \u00e9nergie renouvelable : le solaire. Deux premiers parcs sont install\u00e9s sur nos sites Anett Atlantique et Anett Midi-Pyr\u00e9n\u00e9es, d&rsquo;autres sont \u00e0 suivre. Nous avons fait le choix de panneaux photovolta\u00efques mobiles afin de pr\u00e9server le sol sur lequel nous les installons.<\/p>\n\t\t\t<a href=\"https:\/\/www.youtube.com\/watch?v=b0F6uNod_yI\" title=\"Cliquez ici\" target=\"_blank\" rel=\"noopener\"  role=\"button\" aria-label=\"Consultez notre vid\u00e9o\">\n\t\t\t\t\t\t\tConsultez notre vid\u00e9o\n\t\t<\/a>\n\t\t\t\t<img decoding=\"async\" src=\"https:\/\/www.anett.fr\/wp-content\/uploads\/2024\/02\/panneau-solaire-1.png\" alt=\"panneau solaire (1)\" itemprop=\"image\" height=\"1080\" width=\"1920\" title=\"panneau solaire (1)\" onerror=\"this.style.display='none'\" loading='lazy' \/>\n<h2>\n\t\t\tChiffres cl\u00e9s\t<\/h2>\n\t\t<h2>0kWh<\/h2>\u00c9nergie utilis\u00e9e par kilo de linge trait\u00e9\n\t\t<h2>0%<\/h2>Part d&rsquo;autoconsommation \u00e9lectrique\n\t<p>Moyenne de tous nos sites de location entretien sur l&rsquo;exercice 2023-2024.<\/p>\n\t<p>Depuis Juillet 2024, en moyenne sur les installations concern\u00e9es : Anett Atlantique, Anett Midi-Pyr\u00e9n\u00e9es, Anett Champagne.<\/p>\n<h2>\n\t\t\tLes actions en faveur du linge\t<\/h2>\n\t<h3>Chiff&rsquo;Anett<strong> :<\/strong> un \u00e9tablissement qui valorise des tonnes de linge<\/h3>\n\t<p>Chiff&rsquo;Anett est notre plateforme de tri de linge r\u00e9form\u00e9, con\u00e7ue pour aider tous nos sites de production \u00e0 mieux g\u00e9rer leur consommation d&rsquo;articles textiles. Constitu\u00e9e en ESAT \u00e0 proximit\u00e9 de notre site historique, \u00e0 Thouars (79), elle permet d&#8217;employer une trentaine de salari\u00e9s handicap\u00e9s et quatre \u00e9ducateurs sp\u00e9cialis\u00e9s. Au del\u00e0 de son r\u00f4le essentiel pour promouvoir la r\u00e9utilisation et la valorisation du linge r\u00e9form\u00e9, Chiff&rsquo;Anett permet aussi de proposer \u00e0 des personnes handicap\u00e9es une vie professionnelle compl\u00e8te, incluant formation, mont\u00e9e en comp\u00e9tence et gain d&rsquo;autonomie.<\/p>\n\t\t\t<a href=\"https:\/\/www.youtube.com\/watch?v=GeepyAvgO4s&#038;t=130s\" title=\"Cliquez ici\" target=\"_blank\" rel=\"noopener\"  role=\"button\" aria-label=\"Consultez notre vid\u00e9o\">\n\t\t\t\t\t\t\tConsultez notre vid\u00e9o\n\t\t<\/a>\n\t\t\t\t<a href=\"https:\/\/www.anett.fr\/wp-content\/uploads\/2023\/12\/Anett-cycle-du-linge-v1-scaled.jpg\"  target=\"_self\" itemprop=\"url\">\n\t\t\t\t<img decoding=\"async\" src=\"https:\/\/www.anett.fr\/wp-content\/uploads\/2023\/12\/Anett-cycle-du-linge-v1-scaled.jpg\" alt=\"Anett-cycle-du-linge-v1\" itemprop=\"image\" height=\"1811\" width=\"2560\" title=\"Anett-cycle-du-linge-v1\" onerror=\"this.style.display='none'\" loading='lazy' \/>\n\t\t\t\t<\/a>\n<h2>\n\t\t\tChiffres cl\u00e9s\t<\/h2>\n\t\t<h2>0T<\/h2>De linge r\u00e9form\u00e9 valoris\u00e9 via Chiff&rsquo;Anett\n\t\t<h2>0%<\/h2>Taux de r\u00e9utilisation des v\u00eatements de travail\n\t\t<h2>0<\/h2>Nombre de pi\u00e8ces de linge plat\n\t<p>(exercice 2024-2025)<\/p>\n\t<p>Cela correspond \u00e0 la part des v\u00eatements remplac\u00e9s <br \/>par un v\u00eatement de seconde main lors d&rsquo;un \u00e9change, <br \/>plut\u00f4t que par un v\u00eatement neuf.<\/p>\n\tTrait\u00e9es par Chiff&rsquo;Anett et renvoy\u00e9es en r\u00e9gion<br \/>\npour \u00eatre utilis\u00e9es \u00e0 la place de pi\u00e8ces neuves.\n<h2>\n\t\t\tNotre vision de la relation client\t<\/h2>\n\t\t\t<a href=\"https:\/\/www.anett.fr\/decouvrir-anett\/le-service-client-notre-priorite\/\" title=\"Cliquez ici\" target=\"_self\"   role=\"button\" aria-label=\"D\u00e9couvrir\">\n\t\t\t\t\t\t\tD\u00e9couvrir\n\t\t<\/a>\n<h2>\n\t\t<a href=\"https:\/\/www.anett.fr\/decouvrir-anett\/conscience-environnementale-le-defi-de-tous-les-jours\/\" title=\"Notre conscience environnementale\"  target=\"_self\">\n\t\t\tNotre conscience environnementale\t\t<\/a>\n\t<\/h2>\n\t\t\t<a href=\"https:\/\/www.anett.fr\/decouvrir-anett\/conscience-environnementale-le-defi-de-tous-les-jours\/\" title=\"Cliquez ici\" target=\"_self\"   role=\"button\" aria-label=\"D\u00e9couvrir\">\n\t\t\t\t\t\t\tD\u00e9couvrir\n\t\t<\/a>\n<h2>\n\t\t\tNos relations <br \/>humaines\t<\/h2>\n\t\t\t<a href=\"https:\/\/www.anett.fr\/decouvrir-anett\/lhumain-au-coeur-de-notre-quotidien\/\" title=\"Cliquez ici\" target=\"_self\"   role=\"button\" aria-label=\"D\u00e9couvrir\">\n\t\t\t\t\t\t\tD\u00e9couvrir\n\t\t<\/a>\n<h2>\n\t\t<a href=\"https:\/\/www.anett.fr\/decouvrir-anett\/conscience-environnementale-le-defi-de-tous-les-jours\/\" title=\"Notre ancrage territorial\"  target=\"_self\">\n\t\t\tNotre ancrage <br \/>territorial\t\t<\/a>\n\t<\/h2>\n\t\t\t<a href=\"https:\/\/www.anett.fr\/decouvrir-anett\/conscience-environnementale-le-defi-de-tous-les-jours\/\" title=\"Cliquez ici\" target=\"_self\"   role=\"button\" aria-label=\"D\u00e9couvrir\">\n\t\t\t\t\t\t\tD\u00e9couvrir\n\t\t<\/a>\n\n","protected":false},"excerpt":{"rendered":"<p>Nos d\u00e9fis de tous les jours Une conscience environnementale par nature Notre engagement RSE Notre conscience environnementale Notre engagement RSE Notre conscience environnementale Les actions en faveur de l&rsquo;eau L&rsquo;eau est une ressource vitale pour l&rsquo;homme&#8230; comme pour Anett. Pas d&rsquo;eau, pas de linge propre ! Et comme nous avons conscience qu&rsquo;il s&rsquo;agit d&rsquo;un bien&hellip;<\/p>\n","protected":false},"author":5,"featured_media":0,"parent":600,"menu_order":4,"comment_status":"closed","ping_status":"closed","template":"","meta":{"footnotes":""},"class_list":["post-1877","page","type-page","status-publish","hentry"],"yoast_head":"<!-- This site is optimized with the Yoast SEO plugin v27.4 - https:\/\/yoast.com\/product\/yoast-seo-wordpress\/ -->\n<title>Conscience environnementale, le d\u00e9fi de tous les jours - Anett<\/title>\n<meta name=\"description\" content=\"ANETT a initie\u0301 une de\u0301marche globale alliant fide\u0301lite\u0301 a\u0300 ses principes et respect d\u2019une e\u0301thique humaine et environnementale. ANETT le vit au quotidien a\u0300 tous les niveaux de l\u2019entreprise : des ressources humaines au traitement de l\u2019eau, des e\u0301conomies d\u2019e\u0301nergie a\u0300 la revalorisation des de\u0301chets, de l\u2019inte\u0301grite\u0301 e\u0301conomique a\u0300 l\u2019e\u0301conomie circulaire.\" \/>\n<meta name=\"robots\" content=\"index, follow, max-snippet:-1, max-image-preview:large, max-video-preview:-1\" \/>\n<link rel=\"canonical\" href=\"https:\/\/www.anett.fr\/index.php\/decouvrir-anett\/conscience-environnementale-le-defi-de-tous-les-jours\/\" \/>\n<meta property=\"og:locale\" content=\"fr_FR\" \/>\n<meta property=\"og:type\" content=\"article\" \/>\n<meta property=\"og:title\" content=\"Conscience environnementale, le d\u00e9fi de tous les jours - Anett\" \/>\n<meta property=\"og:description\" content=\"ANETT a initie\u0301 une de\u0301marche globale alliant fide\u0301lite\u0301 a\u0300 ses principes et respect d\u2019une e\u0301thique humaine et environnementale. ANETT le vit au quotidien a\u0300 tous les niveaux de l\u2019entreprise : des ressources humaines au traitement de l\u2019eau, des e\u0301conomies d\u2019e\u0301nergie a\u0300 la revalorisation des de\u0301chets, de l\u2019inte\u0301grite\u0301 e\u0301conomique a\u0300 l\u2019e\u0301conomie circulaire.\" \/>\n<meta property=\"og:url\" content=\"https:\/\/www.anett.fr\/index.php\/decouvrir-anett\/conscience-environnementale-le-defi-de-tous-les-jours\/\" \/>\n<meta property=\"og:site_name\" content=\"Anett\" \/>\n<meta property=\"article:publisher\" content=\"https:\/\/www.facebook.com\/profile.php?id=100065673331976\" \/>\n<meta property=\"article:modified_time\" content=\"2025-12-04T15:05:23+00:00\" \/>\n<meta property=\"og:image\" content=\"https:\/\/www.anett.fr\/wp-content\/uploads\/2023\/05\/etoile.png\" \/>\n<meta name=\"twitter:card\" content=\"summary_large_image\" \/>\n<meta name=\"twitter:label1\" content=\"Dur\u00e9e de lecture estim\u00e9e\" \/>\n\t<meta name=\"twitter:data1\" content=\"6 minutes\" \/>\n<script type=\"application\/ld+json\" class=\"yoast-schema-graph\">{\"@context\":\"https:\\\/\\\/schema.org\",\"@graph\":[{\"@type\":\"WebPage\",\"@id\":\"https:\\\/\\\/www.anett.fr\\\/index.php\\\/decouvrir-anett\\\/conscience-environnementale-le-defi-de-tous-les-jours\\\/\",\"url\":\"https:\\\/\\\/www.anett.fr\\\/index.php\\\/decouvrir-anett\\\/conscience-environnementale-le-defi-de-tous-les-jours\\\/\",\"name\":\"Conscience environnementale, le d\u00e9fi de tous les jours - Anett\",\"isPartOf\":{\"@id\":\"https:\\\/\\\/www.anett.fr\\\/index.php\\\/#website\"},\"primaryImageOfPage\":{\"@id\":\"https:\\\/\\\/www.anett.fr\\\/index.php\\\/decouvrir-anett\\\/conscience-environnementale-le-defi-de-tous-les-jours\\\/#primaryimage\"},\"image\":{\"@id\":\"https:\\\/\\\/www.anett.fr\\\/index.php\\\/decouvrir-anett\\\/conscience-environnementale-le-defi-de-tous-les-jours\\\/#primaryimage\"},\"thumbnailUrl\":\"https:\\\/\\\/www.anett.fr\\\/wp-content\\\/uploads\\\/2023\\\/05\\\/etoile.png\",\"datePublished\":\"2023-10-04T15:20:35+00:00\",\"dateModified\":\"2025-12-04T15:05:23+00:00\",\"description\":\"ANETT a initie\u0301 une de\u0301marche globale alliant fide\u0301lite\u0301 a\u0300 ses principes et respect d\u2019une e\u0301thique humaine et environnementale. ANETT le vit au quotidien a\u0300 tous les niveaux de l\u2019entreprise : des ressources humaines au traitement de l\u2019eau, des e\u0301conomies d\u2019e\u0301nergie a\u0300 la revalorisation des de\u0301chets, de l\u2019inte\u0301grite\u0301 e\u0301conomique a\u0300 l\u2019e\u0301conomie circulaire.\",\"breadcrumb\":{\"@id\":\"https:\\\/\\\/www.anett.fr\\\/index.php\\\/decouvrir-anett\\\/conscience-environnementale-le-defi-de-tous-les-jours\\\/#breadcrumb\"},\"inLanguage\":\"fr-FR\",\"potentialAction\":[{\"@type\":\"ReadAction\",\"target\":[\"https:\\\/\\\/www.anett.fr\\\/index.php\\\/decouvrir-anett\\\/conscience-environnementale-le-defi-de-tous-les-jours\\\/\"]}]},{\"@type\":\"ImageObject\",\"inLanguage\":\"fr-FR\",\"@id\":\"https:\\\/\\\/www.anett.fr\\\/index.php\\\/decouvrir-anett\\\/conscience-environnementale-le-defi-de-tous-les-jours\\\/#primaryimage\",\"url\":\"https:\\\/\\\/www.anett.fr\\\/wp-content\\\/uploads\\\/2023\\\/05\\\/etoile.png\",\"contentUrl\":\"https:\\\/\\\/www.anett.fr\\\/wp-content\\\/uploads\\\/2023\\\/05\\\/etoile.png\"},{\"@type\":\"BreadcrumbList\",\"@id\":\"https:\\\/\\\/www.anett.fr\\\/index.php\\\/decouvrir-anett\\\/conscience-environnementale-le-defi-de-tous-les-jours\\\/#breadcrumb\",\"itemListElement\":[{\"@type\":\"ListItem\",\"position\":1,\"name\":\"Accueil\",\"item\":\"https:\\\/\\\/www.anett.fr\\\/index.php\\\/\"},{\"@type\":\"ListItem\",\"position\":2,\"name\":\"D\u00e9couvrir Anett\",\"item\":\"https:\\\/\\\/www.anett.fr\\\/index.php\\\/decouvrir-anett\\\/\"},{\"@type\":\"ListItem\",\"position\":3,\"name\":\"Conscience environnementale, le d\u00e9fi de tous les jours\"}]},{\"@type\":\"WebSite\",\"@id\":\"https:\\\/\\\/www.anett.fr\\\/index.php\\\/#website\",\"url\":\"https:\\\/\\\/www.anett.fr\\\/index.php\\\/\",\"name\":\"Anett\",\"description\":\"Nous portons chaque jour les valeurs de notre engagement\",\"publisher\":{\"@id\":\"https:\\\/\\\/www.anett.fr\\\/index.php\\\/#organization\"},\"alternateName\":\"Anett, Diff\u00e9rents par Nature\",\"potentialAction\":[{\"@type\":\"SearchAction\",\"target\":{\"@type\":\"EntryPoint\",\"urlTemplate\":\"https:\\\/\\\/www.anett.fr\\\/index.php\\\/?s={search_term_string}\"},\"query-input\":{\"@type\":\"PropertyValueSpecification\",\"valueRequired\":true,\"valueName\":\"search_term_string\"}}],\"inLanguage\":\"fr-FR\"},{\"@type\":\"Organization\",\"@id\":\"https:\\\/\\\/www.anett.fr\\\/index.php\\\/#organization\",\"name\":\"Anett\",\"alternateName\":\"Anett, Diff\u00e9rents par Nature\",\"url\":\"https:\\\/\\\/www.anett.fr\\\/index.php\\\/\",\"logo\":{\"@type\":\"ImageObject\",\"inLanguage\":\"fr-FR\",\"@id\":\"https:\\\/\\\/www.anett.fr\\\/index.php\\\/#\\\/schema\\\/logo\\\/image\\\/\",\"url\":\"https:\\\/\\\/www.anett.fr\\\/wp-content\\\/uploads\\\/2024\\\/02\\\/logo-anett-2024.png\",\"contentUrl\":\"https:\\\/\\\/www.anett.fr\\\/wp-content\\\/uploads\\\/2024\\\/02\\\/logo-anett-2024.png\",\"width\":696,\"height\":696,\"caption\":\"Anett\"},\"image\":{\"@id\":\"https:\\\/\\\/www.anett.fr\\\/index.php\\\/#\\\/schema\\\/logo\\\/image\\\/\"},\"sameAs\":[\"https:\\\/\\\/www.facebook.com\\\/profile.php?id=100065673331976\",\"https:\\\/\\\/www.linkedin.com\\\/company\\\/anett\\\/\"]}]}<\/script>\n<!-- \/ Yoast SEO plugin. -->","yoast_head_json":{"title":"Conscience environnementale, le d\u00e9fi de tous les jours - Anett","description":"ANETT a initie\u0301 une de\u0301marche globale alliant fide\u0301lite\u0301 a\u0300 ses principes et respect d\u2019une e\u0301thique humaine et environnementale. ANETT le vit au quotidien a\u0300 tous les niveaux de l\u2019entreprise : des ressources humaines au traitement de l\u2019eau, des e\u0301conomies d\u2019e\u0301nergie a\u0300 la revalorisation des de\u0301chets, de l\u2019inte\u0301grite\u0301 e\u0301conomique a\u0300 l\u2019e\u0301conomie circulaire.","robots":{"index":"index","follow":"follow","max-snippet":"max-snippet:-1","max-image-preview":"max-image-preview:large","max-video-preview":"max-video-preview:-1"},"canonical":"https:\/\/www.anett.fr\/index.php\/decouvrir-anett\/conscience-environnementale-le-defi-de-tous-les-jours\/","og_locale":"fr_FR","og_type":"article","og_title":"Conscience environnementale, le d\u00e9fi de tous les jours - Anett","og_description":"ANETT a initie\u0301 une de\u0301marche globale alliant fide\u0301lite\u0301 a\u0300 ses principes et respect d\u2019une e\u0301thique humaine et environnementale. ANETT le vit au quotidien a\u0300 tous les niveaux de l\u2019entreprise : des ressources humaines au traitement de l\u2019eau, des e\u0301conomies d\u2019e\u0301nergie a\u0300 la revalorisation des de\u0301chets, de l\u2019inte\u0301grite\u0301 e\u0301conomique a\u0300 l\u2019e\u0301conomie circulaire.","og_url":"https:\/\/www.anett.fr\/index.php\/decouvrir-anett\/conscience-environnementale-le-defi-de-tous-les-jours\/","og_site_name":"Anett","article_publisher":"https:\/\/www.facebook.com\/profile.php?id=100065673331976","article_modified_time":"2025-12-04T15:05:23+00:00","og_image":[{"url":"https:\/\/www.anett.fr\/wp-content\/uploads\/2023\/05\/etoile.png","type":"","width":"","height":""}],"twitter_card":"summary_large_image","twitter_misc":{"Dur\u00e9e de lecture estim\u00e9e":"6 minutes"},"schema":{"@context":"https:\/\/schema.org","@graph":[{"@type":"WebPage","@id":"https:\/\/www.anett.fr\/index.php\/decouvrir-anett\/conscience-environnementale-le-defi-de-tous-les-jours\/","url":"https:\/\/www.anett.fr\/index.php\/decouvrir-anett\/conscience-environnementale-le-defi-de-tous-les-jours\/","name":"Conscience environnementale, le d\u00e9fi de tous les jours - Anett","isPartOf":{"@id":"https:\/\/www.anett.fr\/index.php\/#website"},"primaryImageOfPage":{"@id":"https:\/\/www.anett.fr\/index.php\/decouvrir-anett\/conscience-environnementale-le-defi-de-tous-les-jours\/#primaryimage"},"image":{"@id":"https:\/\/www.anett.fr\/index.php\/decouvrir-anett\/conscience-environnementale-le-defi-de-tous-les-jours\/#primaryimage"},"thumbnailUrl":"https:\/\/www.anett.fr\/wp-content\/uploads\/2023\/05\/etoile.png","datePublished":"2023-10-04T15:20:35+00:00","dateModified":"2025-12-04T15:05:23+00:00","description":"ANETT a initie\u0301 une de\u0301marche globale alliant fide\u0301lite\u0301 a\u0300 ses principes et respect d\u2019une e\u0301thique humaine et environnementale. ANETT le vit au quotidien a\u0300 tous les niveaux de l\u2019entreprise : des ressources humaines au traitement de l\u2019eau, des e\u0301conomies d\u2019e\u0301nergie a\u0300 la revalorisation des de\u0301chets, de l\u2019inte\u0301grite\u0301 e\u0301conomique a\u0300 l\u2019e\u0301conomie circulaire.","breadcrumb":{"@id":"https:\/\/www.anett.fr\/index.php\/decouvrir-anett\/conscience-environnementale-le-defi-de-tous-les-jours\/#breadcrumb"},"inLanguage":"fr-FR","potentialAction":[{"@type":"ReadAction","target":["https:\/\/www.anett.fr\/index.php\/decouvrir-anett\/conscience-environnementale-le-defi-de-tous-les-jours\/"]}]},{"@type":"ImageObject","inLanguage":"fr-FR","@id":"https:\/\/www.anett.fr\/index.php\/decouvrir-anett\/conscience-environnementale-le-defi-de-tous-les-jours\/#primaryimage","url":"https:\/\/www.anett.fr\/wp-content\/uploads\/2023\/05\/etoile.png","contentUrl":"https:\/\/www.anett.fr\/wp-content\/uploads\/2023\/05\/etoile.png"},{"@type":"BreadcrumbList","@id":"https:\/\/www.anett.fr\/index.php\/decouvrir-anett\/conscience-environnementale-le-defi-de-tous-les-jours\/#breadcrumb","itemListElement":[{"@type":"ListItem","position":1,"name":"Accueil","item":"https:\/\/www.anett.fr\/index.php\/"},{"@type":"ListItem","position":2,"name":"D\u00e9couvrir Anett","item":"https:\/\/www.anett.fr\/index.php\/decouvrir-anett\/"},{"@type":"ListItem","position":3,"name":"Conscience environnementale, le d\u00e9fi de tous les jours"}]},{"@type":"WebSite","@id":"https:\/\/www.anett.fr\/index.php\/#website","url":"https:\/\/www.anett.fr\/index.php\/","name":"Anett","description":"Nous portons chaque jour les valeurs de notre engagement","publisher":{"@id":"https:\/\/www.anett.fr\/index.php\/#organization"},"alternateName":"Anett, Diff\u00e9rents par Nature","potentialAction":[{"@type":"SearchAction","target":{"@type":"EntryPoint","urlTemplate":"https:\/\/www.anett.fr\/index.php\/?s={search_term_string}"},"query-input":{"@type":"PropertyValueSpecification","valueRequired":true,"valueName":"search_term_string"}}],"inLanguage":"fr-FR"},{"@type":"Organization","@id":"https:\/\/www.anett.fr\/index.php\/#organization","name":"Anett","alternateName":"Anett, Diff\u00e9rents par Nature","url":"https:\/\/www.anett.fr\/index.php\/","logo":{"@type":"ImageObject","inLanguage":"fr-FR","@id":"https:\/\/www.anett.fr\/index.php\/#\/schema\/logo\/image\/","url":"https:\/\/www.anett.fr\/wp-content\/uploads\/2024\/02\/logo-anett-2024.png","contentUrl":"https:\/\/www.anett.fr\/wp-content\/uploads\/2024\/02\/logo-anett-2024.png","width":696,"height":696,"caption":"Anett"},"image":{"@id":"https:\/\/www.anett.fr\/index.php\/#\/schema\/logo\/image\/"},"sameAs":["https:\/\/www.facebook.com\/profile.php?id=100065673331976","https:\/\/www.linkedin.com\/company\/anett\/"]}]}},"_links":{"self":[{"href":"https:\/\/www.anett.fr\/index.php\/wp-json\/wp\/v2\/pages\/1877","targetHints":{"allow":["GET"]}}],"collection":[{"href":"https:\/\/www.anett.fr\/index.php\/wp-json\/wp\/v2\/pages"}],"about":[{"href":"https:\/\/www.anett.fr\/index.php\/wp-json\/wp\/v2\/types\/page"}],"author":[{"embeddable":true,"href":"https:\/\/www.anett.fr\/index.php\/wp-json\/wp\/v2\/users\/5"}],"replies":[{"embeddable":true,"href":"https:\/\/www.anett.fr\/index.php\/wp-json\/wp\/v2\/comments?post=1877"}],"version-history":[{"count":3,"href":"https:\/\/www.anett.fr\/index.php\/wp-json\/wp\/v2\/pages\/1877\/revisions"}],"predecessor-version":[{"id":47672,"href":"https:\/\/www.anett.fr\/index.php\/wp-json\/wp\/v2\/pages\/1877\/revisions\/47672"}],"up":[{"embeddable":true,"href":"https:\/\/www.anett.fr\/index.php\/wp-json\/wp\/v2\/pages\/600"}],"wp:attachment":[{"href":"https:\/\/www.anett.fr\/index.php\/wp-json\/wp\/v2\/media?parent=1877"}],"curies":[{"name":"wp","href":"https:\/\/api.w.org\/{rel}","templated":true}]}}