{"id":3136,"date":"2025-02-11T17:54:53","date_gmt":"2025-02-11T16:54:53","guid":{"rendered":"https:\/\/www.anett.fr\/index.php\/?page_id=3136"},"modified":"2026-02-10T14:26:00","modified_gmt":"2026-02-10T13:26:00","slug":"linge-de-residents","status":"publish","type":"page","link":"https:\/\/www.anett.fr\/index.php\/nos-prestations\/linge-de-residents\/","title":{"rendered":"Linge de r\u00e9sidents"},"content":{"rendered":"\n<h2>\n\t\t\tLinge de r\u00e9sidents\t<\/h2>\n<h2>\n\t\t\tL&rsquo;entretien du Linge des R\u00e9sidents\t<\/h2>\n\t<ul>\n\t\t<li>\t\t\n\t\t\t\t<img decoding=\"async\" src=\"https:\/\/www.anett.fr\/wp-content\/uploads\/2023\/05\/puce-tab.png\" alt=\"puce-tab\" title=\"puce-tab\" itemprop=\"image\"\/>\n\t\t<h3>Conseils et accompagnement<\/h3><p>Anett vous accompagne et vous conseille depuis 35 ans pour l&rsquo;entretien du linge de vos r\u00e9sidents. Nos 5 ateliers de proximit\u00e9 sont exclusivement d\u00e9di\u00e9s \u00e0 cette prestation. Le groupe Anett, vous propose ainsi une fonction linge compl\u00e8te pour les \u00e9tablissements de sant\u00e9. Au-del\u00e0 du r\u00e9sident lui-m\u00eame, c&rsquo;est \u00e9galement \u00e0 la demande de la r\u00e9sidence que nous voulons r\u00e9pondre avec une fiabilit\u00e9 de prestation optimale. Le bon traitement du linge des r\u00e9sidents impose une rigueur sans faille dans le suivi et la tra\u00e7abilit\u00e9 des v\u00eatements.<\/p><\/li>\t<\/ul>\n<figure itemscope itemtype=\"https:\/\/schema.org\/ImageObject\">\n\t\t\t\t<a href=\"#avantages-anett\"  target=\"_self\" itemprop=\"url\">\n\t\t\t\t<img decoding=\"async\" src=\"https:\/\/www.anett.fr\/wp-content\/uploads\/2023\/06\/go-down.png\" alt=\"go-down\" height=\"87\" width=\"77\" title=\"go-down\" onerror=\"this.style.display='none'\" loading=\"lazy\" \/>\n\t\t\t\t<\/a>\n\t<\/figure>\n<h2  id=\"avantage-anett\">\n\t\t\tPourquoi  choisir Anett pour l&rsquo;entretien du linge des r\u00e9sidents\t<\/h2>\n<h2>\n\t\t\tUn expert, des solutions.\t<\/h2>\n\tLe savoir-faire et l&rsquo;expertise Anett vous garantissent un service parfaitement adapt\u00e9 aux sp\u00e9cificit\u00e9s de votre \u00e9tablissement, aux exigences r\u00e9glementaires et au confort de vos r\u00e9sidents.<br \/>\nC&rsquo;est un retour aux sources ; notre m\u00e9tier premier consistait \u00e0 laver le linge des particuliers.\n<p>Le linge de vos r\u00e9sidents comporte une dimension affective, c&rsquo;est pour cela que nous avons \u00e9labor\u00e9 des process respectueux des mati\u00e8res tout en gardant une bonne qualit\u00e9 de lavage.<\/p>\n\t<p>Il est indispensable pour nous d&rsquo;assurer la tra\u00e7abilit\u00e9 du linge, c&rsquo;est pour cela que nous avons privil\u00e9gi\u00e9 des \u00e9tiquettes de petites tailles et souples, applicables par thermocollage qui permettent de s&rsquo;adapter au mieux \u00e0 chaque article. Le travail effectu\u00e9 dans nos ateliers n\u00e9cessite une attention particuli\u00e8re puisque nous traitons des effets personnels.<\/p>\nNous nous engageons \u00e0 respecter une qualit\u00e9 de finition ainsi que les d\u00e9lais de livraison attendus par vos r\u00e9sidents et leurs familles.<br \/>\nChez Anett, nous sommes engag\u00e9s pour la satisfaction de chacun de vos r\u00e9sidents.\n\t\t\t<a href=\"https:\/\/youtu.be\/xEgUuyUqXX0\" title=\"D\u00e9couvrez notre vid\u00e9o\" target=\"_self\"   role=\"button\" aria-label=\"D\u00e9couvrez notre vid\u00e9o\">\n\t\t\t\t\t\t\tD\u00e9couvrez notre vid\u00e9o\n\t\t<\/a>\n\t<ul>\n\t\t<li>\t\t\n\t\t\t\t<img decoding=\"async\" src=\"https:\/\/www.anett.fr\/wp-content\/uploads\/2025\/02\/picto-tri.png\" alt=\"picto-tri\" title=\"picto-tri\" itemprop=\"image\"\/>\n\t\t<h3>Tri du linge<\/h3><p>Pas de tri du linge pour vos \u00e9quipes,<br \/>Anett s&rsquo;en charge dans ses ateliers<\/p><\/li><li>\t\t\n\t\t\t\t<img decoding=\"async\" src=\"https:\/\/www.anett.fr\/wp-content\/uploads\/2025\/02\/picto-linge-delicat.png\" alt=\"picto-linge-delicat\" title=\"picto-linge-delicat\" itemprop=\"image\"\/>\n\t\t<h3>Linge d\u00e9licat<\/h3><p>Lavage basse temp\u00e9rature<br \/>pour le linge d\u00e9licat<\/p><\/li><li>\t\t\n\t\t\t\t<img decoding=\"async\" src=\"https:\/\/www.anett.fr\/wp-content\/uploads\/2025\/02\/picto-tracabilite.png\" alt=\"picto-tracabilite\" title=\"picto-tracabilite\" itemprop=\"image\"\/>\n\t\t<h3>Tra\u00e7abilit\u00e9 des articles<\/h3><p>Marquage et tra\u00e7abilit\u00e9<br \/>de tous les articles<\/p><\/li>\t<\/ul>\n\t<ul>\n\t\t<li>\t\t\n\t\t\t\t<img decoding=\"async\" src=\"https:\/\/www.anett.fr\/wp-content\/uploads\/2025\/02\/picto-multi-prestation.png\" alt=\"picto-multi-prestation\" title=\"picto-multi-prestation\" itemprop=\"image\"\/>\n\t\t<h3>48h de Traitement<\/h3><p>Finition soign\u00e9e, chariot rang\u00e9<\/p><\/li><li>\t\t\n\t\t\t\t<img decoding=\"async\" src=\"https:\/\/www.anett.fr\/wp-content\/uploads\/2025\/02\/picto-suivi.png\" alt=\"picto-suivi\" title=\"picto-suivi\" itemprop=\"image\"\/>\n\t\t<h3>Accompagnement quotidien<\/h3><p>Suivi commercial d\u00e9di\u00e9<br \/>au linge de r\u00e9sidents<\/p><\/li><li>\t\t\n\t\t\t\t<img decoding=\"async\" src=\"https:\/\/www.anett.fr\/wp-content\/uploads\/2025\/02\/thermocolleuse.png\" alt=\"thermocolleuse\" title=\"thermocolleuse\" itemprop=\"image\"\/>\n\t\t<h3>Pr\u00eat de mat\u00e9riel professionnel <\/h3><p>Gain de r\u00e9activit\u00e9 sur le marquage\u00a0<\/p><\/li>\t<\/ul>\n<h2>\n\t\t\tMulti-Prestation 100 % Anett\t<\/h2>\n<h2>\n\t\t\tUn seul prestataire pour le linge h\u00f4telier, les v\u00eatements professionnels de vos \u00e9quipes et le linge personnels de vos r\u00e9sidents. Une fonction linge compl\u00e8te pour ma\u00eetriser le risque de perte.\t<\/h2>\n\t\t\t<a href=\"https:\/\/www.anett.fr\/nos-prestations\/sante\/\" title=\"Nos prestations sant\u00e9\" target=\"_self\"   role=\"button\" aria-label=\"Nos prestations sant\u00e9\">\n\t\t\t\t\t\t\tNos prestations sant\u00e9\n\t\t<\/a>\n<h2>\n\t\t\tAnett  un mod\u00e8le d&rsquo;insertion\t<\/h2>\n<h2>\n\t\t\tUn tremplin vers un emploi durable ou une formation qualifiante\t<\/h2>\n\t<ul>\n\t\t<li>\t\t\n\t\t\t\t<img decoding=\"async\" src=\"https:\/\/www.anett.fr\/wp-content\/uploads\/2023\/05\/1.png\" alt=\"1\" title=\"1\" itemprop=\"image\"\/>\n\t\t<h3>Accompagnement<\/h3><p>\u00catre accompagn\u00e9 par un conseiller<br \/>socioprofessionnel et un encadrant technique tout au long de votre exp\u00e9rience, gr\u00e2ce \u00e0 un suivi<br \/>personnalis\u00e9 et individualis\u00e9.<\/p><\/li>\t<\/ul>\n<figure itemscope itemtype=\"https:\/\/schema.org\/ImageObject\">\n\t\t\t\t<img decoding=\"async\" src=\"https:\/\/www.anett.fr\/wp-content\/uploads\/2023\/05\/etape-1.png\" alt=\"etape-1\" height=\"64\" width=\"309\" title=\"etape-1\" onerror=\"this.style.display='none'\" loading=\"lazy\" \/>\n\t<\/figure>\n\t<ul>\n\t\t<li>\t\t\n\t\t\t\t<img decoding=\"async\" src=\"https:\/\/www.anett.fr\/wp-content\/uploads\/2023\/05\/2.png\" alt=\"2\" title=\"2\" itemprop=\"image\"\/>\n\t\t<h3>Formation<\/h3><p>Obtenir une attestation de comp\u00e9tences acquises, \u00e0 la suite de votre parcours dans notre structure.<\/p><\/li>\t<\/ul>\n<figure itemscope itemtype=\"https:\/\/schema.org\/ImageObject\">\n\t\t\t\t<img decoding=\"async\" src=\"https:\/\/www.anett.fr\/wp-content\/uploads\/2023\/05\/etape-2.png\" alt=\"etape-2\" height=\"85\" width=\"289\" title=\"etape-2\" onerror=\"this.style.display='none'\" loading=\"lazy\" \/>\n\t<\/figure>\n\t<ul>\n\t\t<li>\t\t\n\t\t\t\t<img decoding=\"async\" src=\"https:\/\/www.anett.fr\/wp-content\/uploads\/2023\/05\/3.png\" alt=\"3\" title=\"3\" itemprop=\"image\"\/>\n\t\t<h3>Emploi<\/h3><p>Retrouver un emploi durable ou int\u00e9grez une formation qualifiante.\u00a0<\/p><\/li>\t<\/ul>\n<h2>\n\t\t\tPlus de 66.7% de sorties positives\t<\/h2>\n\t<p>Les sorties positives repr\u00e9sentent le nombre de personnes qui \u00e0 la fin de leur contrat dans nos ateliers d&rsquo;Insertion <br \/>par Activit\u00e9 \u00c9conomique (IAE), obtiennent un emploi durable ou ont acc\u00e8s \u00e0 une formation qualifiante.<\/p>\n<h2  id=\"avantage-anett\">\n\t\t\tChoisir Anett c&rsquo;est s&rsquo;engager <br \/>dans une v\u00e9ritable relation de  confiance et de proximit\u00e9\t<\/h2>\n\t<ul>\n\t\t<li>\t\t\n\t\t\t\t<img decoding=\"async\" src=\"https:\/\/www.anett.fr\/wp-content\/uploads\/2023\/11\/vous-connaitre-anett.png\" alt=\"vous-connaitre-anett\" title=\"vous-connaitre-anett\" itemprop=\"image\"\/>\n\t\t<p>En vous proposant un audit et un diagnostic pour apporter des pr\u00e9conisations pertinentes et notre expertise m\u00e9tier.<\/p><\/li><li>\t\t\n\t\t\t\t<img decoding=\"async\" src=\"https:\/\/www.anett.fr\/wp-content\/uploads\/2023\/11\/anett-conseiller.png\" alt=\"anett-conseiller\" title=\"anett-conseiller\" itemprop=\"image\"\/>\n\t\t<p>En animant des r\u00e9unions fonction linge afin d&rsquo;assurer la ma\u00eetrise de votre budget et l&rsquo;optimisation des co\u00fbts (linge d&rsquo;h\u00e9bergement, v\u00eatement professionnel, linge de vos r\u00e9sidents).<\/p><\/li><li>\t\t\n\t\t\t\t<img decoding=\"async\" src=\"https:\/\/www.anett.fr\/wp-content\/uploads\/2023\/11\/accompagner-anett.png\" alt=\"accompagner-anett\" title=\"accompagner-anett\" itemprop=\"image\"\/>\n\t\t<p>En cr\u00e9ant un v\u00e9ritable engagement relationnel et une continuit\u00e9 d&rsquo;\u00e9coute, notamment lors de vos conseils de la vie sociale.<\/p><\/li>\t<\/ul>\n<h2  id=\"avantage-anett\">\n\t\t\tNotre prestation\t<\/h2>\n<figure itemscope itemtype=\"https:\/\/schema.org\/ImageObject\">\n\t\t\t\t<img decoding=\"async\" src=\"https:\/\/www.anett.fr\/wp-content\/uploads\/2025\/02\/schema-linge-residents.png\" alt=\"schema-linge-residents\" height=\"1160\" width=\"1792\" title=\"schema-linge-residents\" onerror=\"this.style.display='none'\" loading=\"lazy\" \/>\n\t<\/figure>\n<h2>\n\t\t\tLes ateliers linge de r\u00e9sidents d&rsquo;Anett \t<\/h2>\n<figure itemscope itemtype=\"https:\/\/schema.org\/ImageObject\">\n\t\t\t\t<img decoding=\"async\" src=\"https:\/\/www.anett.fr\/wp-content\/uploads\/2025\/03\/carte-v2.png\" alt=\"carte-v2\" height=\"552\" width=\"837\" title=\"carte-v2\" onerror=\"this.style.display='none'\" loading=\"lazy\" \/>\n\t<\/figure>\n<h2>\n\t\t\tEn quelques chiffres&#8230;\t<\/h2>\n\t\t<!-- Comment to fix spacing issue\n\t-->\n\t\t<h2>0<\/h2>R\u00e9sidents pris en charge\n\t<!-- Comment to fix spacing issue\n\t-->\t\n\t\t<!-- Comment to fix spacing issue\n\t-->\n\t\t<h2>0 K\u20ac<\/h2>De chiffre d&rsquo;affaires\n\t<!-- Comment to fix spacing issue\n\t-->\t\n\t\t<!-- Comment to fix spacing issue\n\t-->\n\t\t<h2>0<\/h2>D\u00e9partements desservis\n\t<!-- Comment to fix spacing issue\n\t-->\t\n\t\t<!-- Comment to fix spacing issue\n\t-->\n\t\t<h2>0<\/h2>Ateliers\n\t<!-- Comment to fix spacing issue\n\t-->\t\n<h2>\n\t\t\tUn peu d&rsquo;histoire&#8230; \t<\/h2>\n\t\t\t\t1935\t\t\t\n\t\t\t\t1955\t\t\t\n\t\t\t\t1960 \u00e0 1970\t\t\t\n\t\t\t\t1972 \u00e0 1976\t\t\t\n\t\t\t\t1980 \u00e0 2010\t\t\t\n\t\t\t\t2011\t\t\t\n\t\t\t\t2023\t\t\t\n\t\t\t\t\t\t\t\t\t\t\t\t\t\t\t\t\t\t\t\t\t\t\t<h3>La Blanchisserie du Thouet<\/h3> \t\t\t\t\t\t\t\t\t\t\t\n\t\t\t\t\t\t\t\t\t\t\t\t\t\t\t\t\t\t\t\t\t\t\t\t\t\t\t\t\t\t\t\t\t\t\t\t\t\t\t\t\t\t\t\t\t\t\t\t\t\t\t\t\t\t\t\t<p><img loading=\"lazy\" decoding=\"async\" src=\"https:\/\/www.anett.fr\/wp-content\/uploads\/2023\/10\/ANETT-PictoFrise_1.png\" alt=\"\" width=\"145\" height=\"147\" \/>La cr\u00e9ation de la \u00ab Blanchisserie du Thouet \u00bb par Paulette et Ren\u00e9 BILLY, les grands-parents de notre Pr\u00e9sident marque le d\u00e9but de l&rsquo;aventure. Les clients particuliers, d\u00e9posaient leurs petits paquets de linge sale puis les r\u00e9cup\u00e9raient propres.<\/p> \t\t\t\t\t\t\t\t\t\t\t\t\t\t\t\t\t\t\t\t\t\t\t\t\t\t\t\t\t\n\t\t\t\t\t\t\t\t\t\t\t\t\t\t\t\t\t\t\t\t\t\t\t<h3>Anett<\/h3> \t\t\t\t\t\t\t\t\t\t\t\n\t\t\t\t\t\t\t\t\t\t\t\t\t\t\t\t\t\t\t\t\t\t\t\t\t\t\t\t\t\t\t\t\t\t\t\t\t\t\t\t\t\t\t\t\t\t\t\t\t\t\t\t\t\t\t\t<p><img loading=\"lazy\" decoding=\"async\" src=\"https:\/\/www.anett.fr\/wp-content\/uploads\/2023\/10\/ANETT-PictoFrise_2.png\" alt=\"\" width=\"183\" height=\"145\" \/>La \u00ab Blanchisserie du Thouet \u00bb devient \u00ab ANETT \u00bb. Le service \u00e9volue, le linge est livr\u00e9 et ramass\u00e9 dans des d\u00e9p\u00f4ts des villes environnantes.<\/p> \t\t\t\t\t\t\t\t\t\t\t\t\t\t\t\t\t\t\t\t\t\t\t\t\t\t\t\t\t\n\t\t\t\t\t\t\t\t\t\t\t\t\t\t\t\t\t\t\t\t\t\t\t<h3>Nettoyage \u00e0 sec<\/h3> \t\t\t\t\t\t\t\t\t\t\t\n\t\t\t\t\t\t\t\t\t\t\t\t\t\t\t\t\t\t\t\t\t\t\t\t\t\t\t\t\t\t\t\t\t\t\t\t\t\t\t\t\t\t\t\t\t\t\t\t\t\t\t\t\t\t\t\t<p><img loading=\"lazy\" decoding=\"async\" src=\"https:\/\/www.anett.fr\/wp-content\/uploads\/2023\/10\/ANETT-PictoFrise_3.png\" alt=\"\" width=\"185\" height=\"147\" \/>L&rsquo;activit\u00e9 des petits paquets est progressivement compl\u00e9t\u00e9e par du nettoyage \u00e0 sec. ANETT compte alors 28 pressings.<\/p> \t\t\t\t\t\t\t\t\t\t\t\t\t\t\t\t\t\t\t\t\t\t\t\t\t\t\t\t\t\n\t\t\t\t\t\t\t\t\t\t\t\t\t\t\t\t\t\t\t\t\t\t\t<h3>Anett<\/h3> \t\t\t\t\t\t\t\t\t\t\t\n\t\t\t\t\t\t\t\t\t\t\t\t\t\t\t\t\t\t\t\t\t\t\t\t\t\t\t\t\t\t\t\t\t\t\t\t\t\t\t\t\t\t\t\t\t\t\t\t\t\t\t\t\t\t\t\t<p><img loading=\"lazy\" decoding=\"async\" src=\"https:\/\/www.anett.fr\/wp-content\/uploads\/2023\/10\/ANETT-PictoFrise_4_OK.png\" alt=\"\" width=\"185\" height=\"150\" \/>C&rsquo;est le v\u00e9ritable d\u00e9but de l&rsquo;activit\u00e9 de location entretien pour les professionnels, marqu\u00e9 par le premier rachat d&rsquo;usine \u00e0 Surg\u00e8res, qui deviendra \u00ab ANETT Atlantique \u00bb..<br \/><a href=\"https:\/\/www.anett.fr\/nos-prestations\/la-location-entretien\/\">&gt; D\u00e9couvrez notre m\u00e9tier<\/a>\u00a0<\/p> \t\t\t\t\t\t\t\t\t\t\t\t\t\t\t\t\t\t\t\t\t\t\t\t\t\t\t\t\t\n\t\t\t\t\t\t\t\t\t\t\t\t\t\t\t\t\t\t\t\t\t\t\t<h3>\u00c9chelle nationale<\/h3> \t\t\t\t\t\t\t\t\t\t\t\n\t\t\t\t\t\t\t\t\t\t\t\t\t\t\t\t\t\t\t\t\t\t\t\t\t\t\t\t\t\t\t\t\t\t\t\t\t\t\t\t\t\t\t\t\t\t\t\t\t\t\t\t\t\t\t\t<p><img loading=\"lazy\" decoding=\"async\" src=\"https:\/\/www.anett.fr\/wp-content\/uploads\/2023\/10\/ANETT-PictoFrise_5.png\" alt=\"\" width=\"185\" height=\"175\" \/>ANETT se d\u00e9veloppe \u00e0 l&rsquo;\u00e9chelle nationale par l&rsquo;acquisition d&rsquo;autres blanchisseries familiales. C&rsquo;est en 1990 que le si\u00e8ge social est construit, sur l&#8217;emplacement historique de la \u00ab Blanchisserie du Thouet \u00bb.<\/p> \t\t\t\t\t\t\t\t\t\t\t\t\t\t\t\t\t\t\t\t\t\t\t\t\t\t\t\t\t\n\t\t\t\t\t\t\t\t\t\t\t\t\t\t\t\t\t\t\t\t\t\t\t<h3>Chiff Anett<\/h3> \t\t\t\t\t\t\t\t\t\t\t\n\t\t\t\t\t\t\t\t\t\t\t\t\t\t\t\t\t\t\t\t\t\t\t\t\t\t\t\t\t\t\t\t\t\t\t\t\t\t\t\t\t\t\t\t\t\t\t\t\t\t\t\t\t\t\t\t<p><img loading=\"lazy\" decoding=\"async\" src=\"https:\/\/www.anett.fr\/wp-content\/uploads\/2023\/10\/ANETT-PictoFrise_7.png\" alt=\"\" width=\"175\" height=\"166\" \/>ANETT innove avec la cr\u00e9ation de Chiff&rsquo;Anett, notre plateforme d\u00e9di\u00e9e \u00e0 la revalorisation et au recyclage du linge. Cette initiative donne une nouvelle dimension \u00e0 notre politique RSE.<\/p> \t\t\t\t\t\t\t\t\t\t\t\t\t\t\t\t\t\t\t\t\t\t\t\t\t\t\t\t\t\n\t\t\t\t\t\t\t\t\t\t\t\t\t\t\t\t\t\t\t\t\t\t\t<h3>Retour aux origines<\/h3> \t\t\t\t\t\t\t\t\t\t\t\n\t\t\t\t\t\t\t\t\t\t\t\t\t\t\t\t\t\t\t\t\t\t\t\t\t\t\t\t\t\t\t\t\t\t\t\t\t\t\t\t\t\t\t\t\t\t\t\t\t\t\t\t\t\t\t\t<p><img loading=\"lazy\" decoding=\"async\" src=\"https:\/\/www.anett.fr\/wp-content\/uploads\/2024\/02\/retour-aux-origines-900x854.png\" alt=\"\" width=\"175\" height=\"166\" \/>La famille ANETT s&rsquo;agrandit et s&rsquo;installe en PACA. Par ailleurs, le groupe d\u00e9veloppe son activit\u00e9 linge de r\u00e9sidents avec 4 nouvelles implantations. C&rsquo;est donc un retour aux origines : le linge pour les particuliers.<\/p> \t\t\t\t\t\t\t\t\t\t\t\t\t\t\t\t\t\t\t\t\t\t\t\t\t\t\t\t\t\n\t\t<figure itemscope itemtype=\"https:\/\/schema.org\/ImageObject\">\n\t\t\t\t<img decoding=\"async\" src=\"https:\/\/www.anett.fr\/wp-content\/uploads\/2023\/05\/fond-point-blanc.png\" alt=\"fond-point-blanc\" height=\"49\" width=\"49\" title=\"fond-point-blanc\" onerror=\"this.style.display='none'\" loading=\"lazy\" \/>\n\t<\/figure>\n<figure itemscope itemtype=\"https:\/\/schema.org\/ImageObject\">\n\t\t\t\t<img decoding=\"async\" src=\"https:\/\/www.anett.fr\/wp-content\/uploads\/2023\/05\/vous-avez-une-question.png\" alt=\"vous-avez-une-question\" height=\"136\" width=\"272\" title=\"vous-avez-une-question\" onerror=\"this.style.display='none'\" loading=\"lazy\" \/>\n\t<\/figure>\n<h2>\n\t\t\tEt si nous parlions de vos besoins ?\t<\/h2>\n<h2>\n\t\t\tParlons-en ensemble.\t<\/h2>\n\t\t\t<a href=\"https:\/\/www.anett.fr\/contact\/\" title=\"Rencontrons-nous !\" target=\"_self\"   role=\"button\" aria-label=\"&lt;span class=&quot;nowrap&quot;&gt;Rencontrons-nous !&lt;\/span&gt;\">\n\t\t\t\t\t\t\tRencontrons-nous !\n\t\t<\/a>\n\n","protected":false},"excerpt":{"rendered":"<p>Linge de r\u00e9sidents L&rsquo;entretien du Linge des R\u00e9sidents Conseils et accompagnement Anett vous accompagne et vous conseille depuis 35 ans pour l&rsquo;entretien du linge de vos r\u00e9sidents. Nos 5 ateliers de proximit\u00e9 sont exclusivement d\u00e9di\u00e9s \u00e0 cette prestation. Le groupe Anett, vous propose ainsi une fonction linge compl\u00e8te pour les \u00e9tablissements de sant\u00e9. Au-del\u00e0 du&hellip;<\/p>\n","protected":false},"author":5,"featured_media":0,"parent":602,"menu_order":0,"comment_status":"closed","ping_status":"closed","template":"","meta":{"footnotes":""},"class_list":["post-3136","page","type-page","status-publish","hentry"],"yoast_head":"<!-- This site is optimized with the Yoast SEO plugin v27.4 - https:\/\/yoast.com\/product\/yoast-seo-wordpress\/ -->\n<title>Linge de r\u00e9sidents de v\u00eatements professionnels - Anett<\/title>\n<meta name=\"description\" content=\"ANETT vous conseille au quotidien dans le respect des sp\u00e9cificit\u00e9s de votre m\u00e9tier et en int\u00e9grant vos besoins en location de linge et de v\u00eatements professionnels. ANETT vous propose \u00e9galement un service sur-mesure et une solution globale pour la location-entretien d\u2019articles textiles et d\u2019hygi\u00e8ne.\" \/>\n<meta name=\"robots\" content=\"index, follow, max-snippet:-1, max-image-preview:large, max-video-preview:-1\" \/>\n<link rel=\"canonical\" href=\"https:\/\/www.anett.fr\/index.php\/nos-prestations\/linge-de-residents\/\" \/>\n<meta property=\"og:locale\" content=\"fr_FR\" \/>\n<meta property=\"og:type\" content=\"article\" \/>\n<meta property=\"og:title\" content=\"Linge de r\u00e9sidents de v\u00eatements professionnels - Anett\" \/>\n<meta property=\"og:description\" content=\"ANETT vous conseille au quotidien dans le respect des sp\u00e9cificit\u00e9s de votre m\u00e9tier et en int\u00e9grant vos besoins en location de linge et de v\u00eatements professionnels. ANETT vous propose \u00e9galement un service sur-mesure et une solution globale pour la location-entretien d\u2019articles textiles et d\u2019hygi\u00e8ne.\" \/>\n<meta property=\"og:url\" content=\"https:\/\/www.anett.fr\/index.php\/nos-prestations\/linge-de-residents\/\" \/>\n<meta property=\"og:site_name\" content=\"Anett\" \/>\n<meta property=\"article:publisher\" content=\"https:\/\/www.facebook.com\/profile.php?id=100065673331976\" \/>\n<meta property=\"article:modified_time\" content=\"2026-02-10T13:26:00+00:00\" \/>\n<meta property=\"og:image\" content=\"https:\/\/www.anett.fr\/wp-content\/uploads\/2023\/05\/puce-tab.png\" \/>\n<meta name=\"twitter:card\" content=\"summary_large_image\" \/>\n<meta name=\"twitter:label1\" content=\"Dur\u00e9e de lecture estim\u00e9e\" \/>\n\t<meta name=\"twitter:data1\" content=\"10 minutes\" \/>\n<script type=\"application\/ld+json\" class=\"yoast-schema-graph\">{\"@context\":\"https:\\\/\\\/schema.org\",\"@graph\":[{\"@type\":\"WebPage\",\"@id\":\"https:\\\/\\\/www.anett.fr\\\/index.php\\\/nos-prestations\\\/linge-de-residents\\\/\",\"url\":\"https:\\\/\\\/www.anett.fr\\\/index.php\\\/nos-prestations\\\/linge-de-residents\\\/\",\"name\":\"Linge de r\u00e9sidents de v\u00eatements professionnels - Anett\",\"isPartOf\":{\"@id\":\"https:\\\/\\\/www.anett.fr\\\/index.php\\\/#website\"},\"primaryImageOfPage\":{\"@id\":\"https:\\\/\\\/www.anett.fr\\\/index.php\\\/nos-prestations\\\/linge-de-residents\\\/#primaryimage\"},\"image\":{\"@id\":\"https:\\\/\\\/www.anett.fr\\\/index.php\\\/nos-prestations\\\/linge-de-residents\\\/#primaryimage\"},\"thumbnailUrl\":\"https:\\\/\\\/www.anett.fr\\\/wp-content\\\/uploads\\\/2023\\\/05\\\/puce-tab.png\",\"datePublished\":\"2025-02-11T16:54:53+00:00\",\"dateModified\":\"2026-02-10T13:26:00+00:00\",\"description\":\"ANETT vous conseille au quotidien dans le respect des sp\u00e9cificit\u00e9s de votre m\u00e9tier et en int\u00e9grant vos besoins en location de linge et de v\u00eatements professionnels. ANETT vous propose \u00e9galement un service sur-mesure et une solution globale pour la location-entretien d\u2019articles textiles et d\u2019hygi\u00e8ne.\",\"breadcrumb\":{\"@id\":\"https:\\\/\\\/www.anett.fr\\\/index.php\\\/nos-prestations\\\/linge-de-residents\\\/#breadcrumb\"},\"inLanguage\":\"fr-FR\",\"potentialAction\":[{\"@type\":\"ReadAction\",\"target\":[\"https:\\\/\\\/www.anett.fr\\\/index.php\\\/nos-prestations\\\/linge-de-residents\\\/\"]}]},{\"@type\":\"ImageObject\",\"inLanguage\":\"fr-FR\",\"@id\":\"https:\\\/\\\/www.anett.fr\\\/index.php\\\/nos-prestations\\\/linge-de-residents\\\/#primaryimage\",\"url\":\"https:\\\/\\\/www.anett.fr\\\/wp-content\\\/uploads\\\/2023\\\/05\\\/puce-tab.png\",\"contentUrl\":\"https:\\\/\\\/www.anett.fr\\\/wp-content\\\/uploads\\\/2023\\\/05\\\/puce-tab.png\"},{\"@type\":\"BreadcrumbList\",\"@id\":\"https:\\\/\\\/www.anett.fr\\\/index.php\\\/nos-prestations\\\/linge-de-residents\\\/#breadcrumb\",\"itemListElement\":[{\"@type\":\"ListItem\",\"position\":1,\"name\":\"Accueil\",\"item\":\"https:\\\/\\\/www.anett.fr\\\/index.php\\\/\"},{\"@type\":\"ListItem\",\"position\":2,\"name\":\"Nos prestations\",\"item\":\"https:\\\/\\\/www.anett.fr\\\/index.php\\\/nos-prestations\\\/\"},{\"@type\":\"ListItem\",\"position\":3,\"name\":\"Linge de r\u00e9sidents\"}]},{\"@type\":\"WebSite\",\"@id\":\"https:\\\/\\\/www.anett.fr\\\/index.php\\\/#website\",\"url\":\"https:\\\/\\\/www.anett.fr\\\/index.php\\\/\",\"name\":\"Anett\",\"description\":\"Nous portons chaque jour les valeurs de notre engagement\",\"publisher\":{\"@id\":\"https:\\\/\\\/www.anett.fr\\\/index.php\\\/#organization\"},\"alternateName\":\"Anett, Diff\u00e9rents par Nature\",\"potentialAction\":[{\"@type\":\"SearchAction\",\"target\":{\"@type\":\"EntryPoint\",\"urlTemplate\":\"https:\\\/\\\/www.anett.fr\\\/index.php\\\/?s={search_term_string}\"},\"query-input\":{\"@type\":\"PropertyValueSpecification\",\"valueRequired\":true,\"valueName\":\"search_term_string\"}}],\"inLanguage\":\"fr-FR\"},{\"@type\":\"Organization\",\"@id\":\"https:\\\/\\\/www.anett.fr\\\/index.php\\\/#organization\",\"name\":\"Anett\",\"alternateName\":\"Anett, Diff\u00e9rents par Nature\",\"url\":\"https:\\\/\\\/www.anett.fr\\\/index.php\\\/\",\"logo\":{\"@type\":\"ImageObject\",\"inLanguage\":\"fr-FR\",\"@id\":\"https:\\\/\\\/www.anett.fr\\\/index.php\\\/#\\\/schema\\\/logo\\\/image\\\/\",\"url\":\"https:\\\/\\\/www.anett.fr\\\/wp-content\\\/uploads\\\/2024\\\/02\\\/logo-anett-2024.png\",\"contentUrl\":\"https:\\\/\\\/www.anett.fr\\\/wp-content\\\/uploads\\\/2024\\\/02\\\/logo-anett-2024.png\",\"width\":696,\"height\":696,\"caption\":\"Anett\"},\"image\":{\"@id\":\"https:\\\/\\\/www.anett.fr\\\/index.php\\\/#\\\/schema\\\/logo\\\/image\\\/\"},\"sameAs\":[\"https:\\\/\\\/www.facebook.com\\\/profile.php?id=100065673331976\",\"https:\\\/\\\/www.linkedin.com\\\/company\\\/anett\\\/\"]}]}<\/script>\n<!-- \/ Yoast SEO plugin. -->","yoast_head_json":{"title":"Linge de r\u00e9sidents de v\u00eatements professionnels - Anett","description":"ANETT vous conseille au quotidien dans le respect des sp\u00e9cificit\u00e9s de votre m\u00e9tier et en int\u00e9grant vos besoins en location de linge et de v\u00eatements professionnels. ANETT vous propose \u00e9galement un service sur-mesure et une solution globale pour la location-entretien d\u2019articles textiles et d\u2019hygi\u00e8ne.","robots":{"index":"index","follow":"follow","max-snippet":"max-snippet:-1","max-image-preview":"max-image-preview:large","max-video-preview":"max-video-preview:-1"},"canonical":"https:\/\/www.anett.fr\/index.php\/nos-prestations\/linge-de-residents\/","og_locale":"fr_FR","og_type":"article","og_title":"Linge de r\u00e9sidents de v\u00eatements professionnels - Anett","og_description":"ANETT vous conseille au quotidien dans le respect des sp\u00e9cificit\u00e9s de votre m\u00e9tier et en int\u00e9grant vos besoins en location de linge et de v\u00eatements professionnels. ANETT vous propose \u00e9galement un service sur-mesure et une solution globale pour la location-entretien d\u2019articles textiles et d\u2019hygi\u00e8ne.","og_url":"https:\/\/www.anett.fr\/index.php\/nos-prestations\/linge-de-residents\/","og_site_name":"Anett","article_publisher":"https:\/\/www.facebook.com\/profile.php?id=100065673331976","article_modified_time":"2026-02-10T13:26:00+00:00","og_image":[{"url":"https:\/\/www.anett.fr\/wp-content\/uploads\/2023\/05\/puce-tab.png","type":"","width":"","height":""}],"twitter_card":"summary_large_image","twitter_misc":{"Dur\u00e9e de lecture estim\u00e9e":"10 minutes"},"schema":{"@context":"https:\/\/schema.org","@graph":[{"@type":"WebPage","@id":"https:\/\/www.anett.fr\/index.php\/nos-prestations\/linge-de-residents\/","url":"https:\/\/www.anett.fr\/index.php\/nos-prestations\/linge-de-residents\/","name":"Linge de r\u00e9sidents de v\u00eatements professionnels - Anett","isPartOf":{"@id":"https:\/\/www.anett.fr\/index.php\/#website"},"primaryImageOfPage":{"@id":"https:\/\/www.anett.fr\/index.php\/nos-prestations\/linge-de-residents\/#primaryimage"},"image":{"@id":"https:\/\/www.anett.fr\/index.php\/nos-prestations\/linge-de-residents\/#primaryimage"},"thumbnailUrl":"https:\/\/www.anett.fr\/wp-content\/uploads\/2023\/05\/puce-tab.png","datePublished":"2025-02-11T16:54:53+00:00","dateModified":"2026-02-10T13:26:00+00:00","description":"ANETT vous conseille au quotidien dans le respect des sp\u00e9cificit\u00e9s de votre m\u00e9tier et en int\u00e9grant vos besoins en location de linge et de v\u00eatements professionnels. ANETT vous propose \u00e9galement un service sur-mesure et une solution globale pour la location-entretien d\u2019articles textiles et d\u2019hygi\u00e8ne.","breadcrumb":{"@id":"https:\/\/www.anett.fr\/index.php\/nos-prestations\/linge-de-residents\/#breadcrumb"},"inLanguage":"fr-FR","potentialAction":[{"@type":"ReadAction","target":["https:\/\/www.anett.fr\/index.php\/nos-prestations\/linge-de-residents\/"]}]},{"@type":"ImageObject","inLanguage":"fr-FR","@id":"https:\/\/www.anett.fr\/index.php\/nos-prestations\/linge-de-residents\/#primaryimage","url":"https:\/\/www.anett.fr\/wp-content\/uploads\/2023\/05\/puce-tab.png","contentUrl":"https:\/\/www.anett.fr\/wp-content\/uploads\/2023\/05\/puce-tab.png"},{"@type":"BreadcrumbList","@id":"https:\/\/www.anett.fr\/index.php\/nos-prestations\/linge-de-residents\/#breadcrumb","itemListElement":[{"@type":"ListItem","position":1,"name":"Accueil","item":"https:\/\/www.anett.fr\/index.php\/"},{"@type":"ListItem","position":2,"name":"Nos prestations","item":"https:\/\/www.anett.fr\/index.php\/nos-prestations\/"},{"@type":"ListItem","position":3,"name":"Linge de r\u00e9sidents"}]},{"@type":"WebSite","@id":"https:\/\/www.anett.fr\/index.php\/#website","url":"https:\/\/www.anett.fr\/index.php\/","name":"Anett","description":"Nous portons chaque jour les valeurs de notre engagement","publisher":{"@id":"https:\/\/www.anett.fr\/index.php\/#organization"},"alternateName":"Anett, Diff\u00e9rents par Nature","potentialAction":[{"@type":"SearchAction","target":{"@type":"EntryPoint","urlTemplate":"https:\/\/www.anett.fr\/index.php\/?s={search_term_string}"},"query-input":{"@type":"PropertyValueSpecification","valueRequired":true,"valueName":"search_term_string"}}],"inLanguage":"fr-FR"},{"@type":"Organization","@id":"https:\/\/www.anett.fr\/index.php\/#organization","name":"Anett","alternateName":"Anett, Diff\u00e9rents par Nature","url":"https:\/\/www.anett.fr\/index.php\/","logo":{"@type":"ImageObject","inLanguage":"fr-FR","@id":"https:\/\/www.anett.fr\/index.php\/#\/schema\/logo\/image\/","url":"https:\/\/www.anett.fr\/wp-content\/uploads\/2024\/02\/logo-anett-2024.png","contentUrl":"https:\/\/www.anett.fr\/wp-content\/uploads\/2024\/02\/logo-anett-2024.png","width":696,"height":696,"caption":"Anett"},"image":{"@id":"https:\/\/www.anett.fr\/index.php\/#\/schema\/logo\/image\/"},"sameAs":["https:\/\/www.facebook.com\/profile.php?id=100065673331976","https:\/\/www.linkedin.com\/company\/anett\/"]}]}},"_links":{"self":[{"href":"https:\/\/www.anett.fr\/index.php\/wp-json\/wp\/v2\/pages\/3136","targetHints":{"allow":["GET"]}}],"collection":[{"href":"https:\/\/www.anett.fr\/index.php\/wp-json\/wp\/v2\/pages"}],"about":[{"href":"https:\/\/www.anett.fr\/index.php\/wp-json\/wp\/v2\/types\/page"}],"author":[{"embeddable":true,"href":"https:\/\/www.anett.fr\/index.php\/wp-json\/wp\/v2\/users\/5"}],"replies":[{"embeddable":true,"href":"https:\/\/www.anett.fr\/index.php\/wp-json\/wp\/v2\/comments?post=3136"}],"version-history":[{"count":11,"href":"https:\/\/www.anett.fr\/index.php\/wp-json\/wp\/v2\/pages\/3136\/revisions"}],"predecessor-version":[{"id":115673,"href":"https:\/\/www.anett.fr\/index.php\/wp-json\/wp\/v2\/pages\/3136\/revisions\/115673"}],"up":[{"embeddable":true,"href":"https:\/\/www.anett.fr\/index.php\/wp-json\/wp\/v2\/pages\/602"}],"wp:attachment":[{"href":"https:\/\/www.anett.fr\/index.php\/wp-json\/wp\/v2\/media?parent=3136"}],"curies":[{"name":"wp","href":"https:\/\/api.w.org\/{rel}","templated":true}]}}