{"id":459,"date":"2022-05-16T12:42:40","date_gmt":"2022-05-16T10:42:40","guid":{"rendered":"https:\/\/www.anett.fr\/?page_id=459"},"modified":"2026-04-20T11:09:25","modified_gmt":"2026-04-20T09:09:25","slug":"accueil","status":"publish","type":"page","link":"https:\/\/www.anett.fr\/index.php\/","title":{"rendered":"Accueil"},"content":{"rendered":"\n<figure itemscope itemtype=\"https:\/\/schema.org\/ImageObject\">\n\t\t\t\t<img decoding=\"async\" src=\"https:\/\/www.anett.fr\/wp-content\/uploads\/2023\/05\/location-et-entretien-des-textiles.png\" alt=\"location-et-entretien-des-textiles\" height=\"231\" width=\"226\" title=\"location-et-entretien-des-textiles\" onerror=\"this.style.display='none'\" loading=\"lazy\" \/>\n\t<\/figure>\n\t\t\t<a href=\"https:\/\/www.anett.fr\/decouvrir-anett\/conscience-environnementale-le-defi-de-tous-les-jours\/\" title=\"En mode circulaire\" target=\"_self\"   role=\"button\" aria-label=\"En mode circulaire\">\n\t\t\t\t\t\t\tEn mode circulaire\n\t\t<\/a>\n\t\t\t<a href=\"https:\/\/www.anett.fr\/wp-content\/uploads\/2025\/07\/ANETT-RSE-5-Rapport-annuel-2024-2025-vImpression-A4.pdf\" title=\"T\u00e9l\u00e9chargez notre rapport annuel RSE\" target=\"_blank\" rel=\"noopener\"  role=\"button\" aria-label=\"T\u00e9l\u00e9chargez notre rapport annuel RSE\">\n\t\t\t\t\t\t\tT\u00e9l\u00e9chargez notre rapport annuel RSE\n\t\t<\/a>\n<figure itemscope itemtype=\"https:\/\/schema.org\/ImageObject\">\n\t\t\t\t<img decoding=\"async\" src=\"https:\/\/www.anett.fr\/wp-content\/uploads\/2023\/05\/vous-avez-une-question.png\" alt=\"vous-avez-une-question\" height=\"136\" width=\"272\" title=\"vous-avez-une-question\" onerror=\"this.style.display='none'\" loading=\"lazy\" \/>\n\t<\/figure>\n<h2>\n\t\t\tVous avez une question ?\t<\/h2>\n\t\t\t<a href=\"https:\/\/www.anett.fr\/contact\/\" title=\"Rencontrons-nous !\" target=\"_self\"   role=\"button\" aria-label=\"&lt;span class=&quot;nowrap&quot;&gt;Rencontrons-nous !&lt;\/span&gt;\">\n\t\t\t\t\t\t\tRencontrons-nous !\n\t\t<\/a>\n<h2>\n\t\t\tEn direct de chez Anett\t<\/h2>\n\t<meta itemscope itemprop=\"mainEntityOfPage\" itemtype=\"https:\/\/schema.org\/WebPage\" itemid=\"https:\/\/www.anett.fr\/index.php\/anett-transition-energetique-copy-copy-copy-copy\/\" content=\"Anett f\u00eate ses 90 ans\" \/><meta itemprop=\"datePublished\" content=\"2025-11-04\" \/><meta itemprop=\"dateModified\" content=\"2025-11-04\" \/><meta itemprop=\"name\" content=\"Anett\"\/><meta itemprop=\"url\" content=\"https:\/\/www.anett.fr\/index.php\/author\/delphine\/\" \/><meta itemprop=\"name\" content=\"Delphine Bichon\" \/><meta itemprop=\"url\" content=\"https:\/\/www.anett.fr\/wp-content\/uploads\/2025\/11\/ANETT_LOGO-90ans_Quadri_90Logo-Anett.png\" \/><meta itemprop=\"width\" content=\"2591\" \/><meta itemprop=\"height\" content=\"1955\" \/><meta itemprop=\"interactionType\" content=\"https:\/\/schema.org\/CommentAction\" \/><meta itemprop=\"userInteractionCount\" content=\"0\" \/>\n\t<a href='https:\/\/www.anett.fr\/index.php\/anett-transition-energetique-copy-copy-copy-copy\/' title='Anett f\u00eate ses 90 ans'><img width=\"1024\" height=\"773\" src=\"https:\/\/www.anett.fr\/wp-content\/uploads\/2025\/11\/ANETT_LOGO-90ans_Quadri_90Logo-Anett.png\" alt=\"\" itemprop=\"image\" decoding=\"async\" loading=\"lazy\" \/><\/a>\n<h3><a href='https:\/\/www.anett.fr\/index.php\/anett-transition-energetique-copy-copy-copy-copy\/' title='Anett f\u00eate ses 90 ans'>Anett f\u00eate ses 90 ans<\/a><\/h3>\n\t<p>2025 marque une \u00e9tape symbolique pour Anett : 90 ans d&rsquo;histoire, de transmission et de passion. <\/p>\n\n\t<a href='https:\/\/www.anett.fr\/index.php\/anett-transition-energetique-copy-copy-copy-copy\/' title='Lire la suite'>Lire la suite<\/a>\n\n\t<meta itemscope itemprop=\"mainEntityOfPage\" itemtype=\"https:\/\/schema.org\/WebPage\" itemid=\"https:\/\/www.anett.fr\/index.php\/anett-transition-energetique-copy-copy-copy\/\" content=\"La Journ\u00e9e des Familles Anett\" \/><meta itemprop=\"datePublished\" content=\"2025-05-15\" \/><meta itemprop=\"dateModified\" content=\"2025-05-15\" \/><meta itemprop=\"name\" content=\"Anett\"\/><meta itemprop=\"url\" content=\"https:\/\/www.anett.fr\/index.php\/author\/delphine\/\" \/><meta itemprop=\"name\" content=\"Delphine Bichon\" \/><meta itemprop=\"url\" content=\"https:\/\/www.anett.fr\/wp-content\/uploads\/2025\/05\/Journee-des-familles-ANETT-_-linkedin-2.png\" \/><meta itemprop=\"width\" content=\"1080\" \/><meta itemprop=\"height\" content=\"1080\" \/><meta itemprop=\"interactionType\" content=\"https:\/\/schema.org\/CommentAction\" \/><meta itemprop=\"userInteractionCount\" content=\"0\" \/>\n\t<a href='https:\/\/www.anett.fr\/index.php\/anett-transition-energetique-copy-copy-copy\/' title='La Journ\u00e9e des Familles Anett'><img width=\"1024\" height=\"1024\" src=\"https:\/\/www.anett.fr\/wp-content\/uploads\/2025\/05\/Journee-des-familles-ANETT-_-linkedin-2.png\" alt=\"\" itemprop=\"image\" decoding=\"async\" loading=\"lazy\" \/><\/a>\n<h3><a href='https:\/\/www.anett.fr\/index.php\/anett-transition-energetique-copy-copy-copy\/' title='La Journ\u00e9e des Familles Anett'>La Journ\u00e9e des Familles Anett<\/a><\/h3>\n\t<p>Le temps d&rsquo;une journ\u00e9e, nous ouvrons nos portes \u00e0 ceux qui comptent le plus pour nous : nos familles ! <\/p>\n\n\t<a href='https:\/\/www.anett.fr\/index.php\/anett-transition-energetique-copy-copy-copy\/' title='Lire la suite'>Lire la suite<\/a>\n\n\t<meta itemscope itemprop=\"mainEntityOfPage\" itemtype=\"https:\/\/schema.org\/WebPage\" itemid=\"https:\/\/www.anett.fr\/index.php\/anett-transition-energetique-copy-copy\/\" content=\"La semaine de l&rsquo;Exp\u00e9rience Partag\u00e9e\" \/><meta itemprop=\"datePublished\" content=\"2025-05-15\" \/><meta itemprop=\"dateModified\" content=\"2025-05-15\" \/><meta itemprop=\"name\" content=\"Anett\"\/><meta itemprop=\"url\" content=\"https:\/\/www.anett.fr\/index.php\/author\/delphine\/\" \/><meta itemprop=\"name\" content=\"Delphine Bichon\" \/><meta itemprop=\"url\" content=\"https:\/\/www.anett.fr\/wp-content\/uploads\/2025\/05\/Semaine-experience-partagee-Linkedin-1.png\" \/><meta itemprop=\"width\" content=\"1080\" \/><meta itemprop=\"height\" content=\"1080\" \/><meta itemprop=\"interactionType\" content=\"https:\/\/schema.org\/CommentAction\" \/><meta itemprop=\"userInteractionCount\" content=\"0\" \/>\n\t<a href='https:\/\/www.anett.fr\/index.php\/anett-transition-energetique-copy-copy\/' title='La semaine de l&rsquo;Exp\u00e9rience Partag\u00e9e'><img width=\"1024\" height=\"1024\" src=\"https:\/\/www.anett.fr\/wp-content\/uploads\/2025\/05\/Semaine-experience-partagee-Linkedin-1.png\" alt=\"\" itemprop=\"image\" decoding=\"async\" loading=\"lazy\" \/><\/a>\n<h3><a href='https:\/\/www.anett.fr\/index.php\/anett-transition-energetique-copy-copy\/' title='La semaine de l&rsquo;Exp\u00e9rience Partag\u00e9e'>La semaine de l&rsquo;Exp\u00e9rience Partag\u00e9e<\/a><\/h3>\n\t<p>Cette ann\u00e9e, Anett a lanc\u00e9 la premi\u00e8re \u00e9dition de la Semaine de l&rsquo;Exp\u00e9rience Partag\u00e9e. Durant une semaine, nos \u00e9quipes de la relation client se sont immerg\u00e9es dans le quotidien de nos agents de distribution.<\/p>\n\n\t<a href='https:\/\/www.anett.fr\/index.php\/anett-transition-energetique-copy-copy\/' title='Lire la suite'>Lire la suite<\/a>\n\n\t\t\t<a href=\"https:\/\/www.anett.fr\/decouvrir-anett\/actualites\/\" title=\"Toutes nos actualit\u00e9s\" target=\"_self\"   role=\"button\" aria-label=\"Toutes nos actualit\u00e9s\">\n\t\t\t\t\t\t\tToutes nos actualit\u00e9s\n\t\t<\/a>\n\t<p>Psst ! Suivez-nous sur <a href=\"https:\/\/www.linkedin.com\/company\/anett\/\" target=\"_blank\" rel=\"noopener\"><strong>LinkedIn<\/strong><\/a><\/p>\n<h2>\n\t\t\tRecrutement\t<\/h2>\n<h2>\n\t\t\tRejoignez notre pl&rsquo;Anett !\t<\/h2>\n\t\t\t<a href=\"https:\/\/recrutement.anett.fr\/\" title=\"Offres d&#039;emploi\" target=\"_self\"   role=\"button\" aria-label=\"Offres d&#039;emploi\">\n\t\t\t\t\t\t\tOffres d&#8217;emploi\n\t\t<\/a>\n\t\t\t<a href=\"https:\/\/www.anett.fr\/offres-emploi\/#candidature-spontanee\" title=\"Candidature spontan\u00e9e\" target=\"_self\"   role=\"button\" aria-label=\"Candidature spontan\u00e9e\">\n\t\t\t\t\t\t\tCandidature spontan\u00e9e\n\t\t<\/a>\n\n","protected":false},"excerpt":{"rendered":"<p>En mode circulaire T\u00e9l\u00e9chargez notre rapport annuel RSE Vous avez une question ? Rencontrons-nous ! En direct de chez Anett Anett f\u00eate ses 90 ans 2025 marque une \u00e9tape symbolique pour Anett : 90 ans d&rsquo;histoire, de transmission et de passion. Lire la suite La Journ\u00e9e des Familles Anett Le temps d&rsquo;une journ\u00e9e, nous ouvrons&hellip;<\/p>\n","protected":false},"author":5,"featured_media":0,"parent":0,"menu_order":0,"comment_status":"closed","ping_status":"closed","template":"","meta":{"footnotes":""},"class_list":["post-459","page","type-page","status-publish","hentry"],"yoast_head":"<!-- This site is optimized with the Yoast SEO plugin v27.4 - https:\/\/yoast.com\/product\/yoast-seo-wordpress\/ -->\n<title>Location et entretien de textiles - Anett<\/title>\n<meta name=\"description\" content=\"ANETT accompagne depuis pr\u00e8s de 90 ans les professionnels dans la location et l&#039;entretien de textiles.\" \/>\n<meta name=\"robots\" content=\"index, follow, max-snippet:-1, max-image-preview:large, max-video-preview:-1\" \/>\n<link rel=\"canonical\" href=\"https:\/\/www.anett.fr\/index.php\/\" \/>\n<meta property=\"og:locale\" content=\"fr_FR\" \/>\n<meta property=\"og:type\" content=\"article\" \/>\n<meta property=\"og:title\" content=\"Location et entretien de textiles - Anett\" \/>\n<meta property=\"og:description\" content=\"ANETT accompagne depuis pr\u00e8s de 90 ans les professionnels dans la location et l&#039;entretien de textiles.\" \/>\n<meta property=\"og:url\" content=\"https:\/\/www.anett.fr\/index.php\/\" \/>\n<meta property=\"og:site_name\" content=\"Anett\" \/>\n<meta property=\"article:publisher\" content=\"https:\/\/www.facebook.com\/profile.php?id=100065673331976\" \/>\n<meta property=\"article:modified_time\" content=\"2026-04-20T09:09:25+00:00\" \/>\n<meta property=\"og:image\" content=\"https:\/\/www.anett.fr\/wp-content\/uploads\/2023\/05\/location-et-entretien-des-textiles.png\" \/>\n<meta name=\"twitter:card\" content=\"summary_large_image\" \/>\n<meta name=\"twitter:label1\" content=\"Dur\u00e9e de lecture estim\u00e9e\" \/>\n\t<meta name=\"twitter:data1\" content=\"6 minutes\" \/>\n<script type=\"application\/ld+json\" class=\"yoast-schema-graph\">{\"@context\":\"https:\\\/\\\/schema.org\",\"@graph\":[{\"@type\":\"WebPage\",\"@id\":\"https:\\\/\\\/www.anett.fr\\\/index.php\\\/\",\"url\":\"https:\\\/\\\/www.anett.fr\\\/index.php\\\/\",\"name\":\"Location et entretien de textiles - Anett\",\"isPartOf\":{\"@id\":\"https:\\\/\\\/www.anett.fr\\\/index.php\\\/#website\"},\"primaryImageOfPage\":{\"@id\":\"https:\\\/\\\/www.anett.fr\\\/index.php\\\/#primaryimage\"},\"image\":{\"@id\":\"https:\\\/\\\/www.anett.fr\\\/index.php\\\/#primaryimage\"},\"thumbnailUrl\":\"https:\\\/\\\/www.anett.fr\\\/wp-content\\\/uploads\\\/2023\\\/05\\\/location-et-entretien-des-textiles.png\",\"datePublished\":\"2022-05-16T10:42:40+00:00\",\"dateModified\":\"2026-04-20T09:09:25+00:00\",\"description\":\"ANETT accompagne depuis pr\u00e8s de 90 ans les professionnels dans la location et l'entretien de textiles.\",\"breadcrumb\":{\"@id\":\"https:\\\/\\\/www.anett.fr\\\/index.php\\\/#breadcrumb\"},\"inLanguage\":\"fr-FR\",\"potentialAction\":[{\"@type\":\"ReadAction\",\"target\":[\"https:\\\/\\\/www.anett.fr\\\/index.php\\\/\"]}]},{\"@type\":\"ImageObject\",\"inLanguage\":\"fr-FR\",\"@id\":\"https:\\\/\\\/www.anett.fr\\\/index.php\\\/#primaryimage\",\"url\":\"https:\\\/\\\/www.anett.fr\\\/wp-content\\\/uploads\\\/2023\\\/05\\\/location-et-entretien-des-textiles.png\",\"contentUrl\":\"https:\\\/\\\/www.anett.fr\\\/wp-content\\\/uploads\\\/2023\\\/05\\\/location-et-entretien-des-textiles.png\"},{\"@type\":\"BreadcrumbList\",\"@id\":\"https:\\\/\\\/www.anett.fr\\\/index.php\\\/#breadcrumb\",\"itemListElement\":[{\"@type\":\"ListItem\",\"position\":1,\"name\":\"Accueil\",\"item\":\"https:\\\/\\\/www.anett.fr\\\/index.php\\\/\"},{\"@type\":\"ListItem\",\"position\":2,\"name\":\"Accueil\"}]},{\"@type\":\"WebSite\",\"@id\":\"https:\\\/\\\/www.anett.fr\\\/index.php\\\/#website\",\"url\":\"https:\\\/\\\/www.anett.fr\\\/index.php\\\/\",\"name\":\"Anett\",\"description\":\"Nous portons chaque jour les valeurs de notre engagement\",\"publisher\":{\"@id\":\"https:\\\/\\\/www.anett.fr\\\/index.php\\\/#organization\"},\"alternateName\":\"Anett, Diff\u00e9rents par Nature\",\"potentialAction\":[{\"@type\":\"SearchAction\",\"target\":{\"@type\":\"EntryPoint\",\"urlTemplate\":\"https:\\\/\\\/www.anett.fr\\\/index.php\\\/?s={search_term_string}\"},\"query-input\":{\"@type\":\"PropertyValueSpecification\",\"valueRequired\":true,\"valueName\":\"search_term_string\"}}],\"inLanguage\":\"fr-FR\"},{\"@type\":\"Organization\",\"@id\":\"https:\\\/\\\/www.anett.fr\\\/index.php\\\/#organization\",\"name\":\"Anett\",\"alternateName\":\"Anett, Diff\u00e9rents par Nature\",\"url\":\"https:\\\/\\\/www.anett.fr\\\/index.php\\\/\",\"logo\":{\"@type\":\"ImageObject\",\"inLanguage\":\"fr-FR\",\"@id\":\"https:\\\/\\\/www.anett.fr\\\/index.php\\\/#\\\/schema\\\/logo\\\/image\\\/\",\"url\":\"https:\\\/\\\/www.anett.fr\\\/wp-content\\\/uploads\\\/2024\\\/02\\\/logo-anett-2024.png\",\"contentUrl\":\"https:\\\/\\\/www.anett.fr\\\/wp-content\\\/uploads\\\/2024\\\/02\\\/logo-anett-2024.png\",\"width\":696,\"height\":696,\"caption\":\"Anett\"},\"image\":{\"@id\":\"https:\\\/\\\/www.anett.fr\\\/index.php\\\/#\\\/schema\\\/logo\\\/image\\\/\"},\"sameAs\":[\"https:\\\/\\\/www.facebook.com\\\/profile.php?id=100065673331976\",\"https:\\\/\\\/www.linkedin.com\\\/company\\\/anett\\\/\"]}]}<\/script>\n<!-- \/ Yoast SEO plugin. -->","yoast_head_json":{"title":"Location et entretien de textiles - Anett","description":"ANETT accompagne depuis pr\u00e8s de 90 ans les professionnels dans la location et l'entretien de textiles.","robots":{"index":"index","follow":"follow","max-snippet":"max-snippet:-1","max-image-preview":"max-image-preview:large","max-video-preview":"max-video-preview:-1"},"canonical":"https:\/\/www.anett.fr\/index.php\/","og_locale":"fr_FR","og_type":"article","og_title":"Location et entretien de textiles - Anett","og_description":"ANETT accompagne depuis pr\u00e8s de 90 ans les professionnels dans la location et l'entretien de textiles.","og_url":"https:\/\/www.anett.fr\/index.php\/","og_site_name":"Anett","article_publisher":"https:\/\/www.facebook.com\/profile.php?id=100065673331976","article_modified_time":"2026-04-20T09:09:25+00:00","og_image":[{"url":"https:\/\/www.anett.fr\/wp-content\/uploads\/2023\/05\/location-et-entretien-des-textiles.png","type":"","width":"","height":""}],"twitter_card":"summary_large_image","twitter_misc":{"Dur\u00e9e de lecture estim\u00e9e":"6 minutes"},"schema":{"@context":"https:\/\/schema.org","@graph":[{"@type":"WebPage","@id":"https:\/\/www.anett.fr\/index.php\/","url":"https:\/\/www.anett.fr\/index.php\/","name":"Location et entretien de textiles - Anett","isPartOf":{"@id":"https:\/\/www.anett.fr\/index.php\/#website"},"primaryImageOfPage":{"@id":"https:\/\/www.anett.fr\/index.php\/#primaryimage"},"image":{"@id":"https:\/\/www.anett.fr\/index.php\/#primaryimage"},"thumbnailUrl":"https:\/\/www.anett.fr\/wp-content\/uploads\/2023\/05\/location-et-entretien-des-textiles.png","datePublished":"2022-05-16T10:42:40+00:00","dateModified":"2026-04-20T09:09:25+00:00","description":"ANETT accompagne depuis pr\u00e8s de 90 ans les professionnels dans la location et l'entretien de textiles.","breadcrumb":{"@id":"https:\/\/www.anett.fr\/index.php\/#breadcrumb"},"inLanguage":"fr-FR","potentialAction":[{"@type":"ReadAction","target":["https:\/\/www.anett.fr\/index.php\/"]}]},{"@type":"ImageObject","inLanguage":"fr-FR","@id":"https:\/\/www.anett.fr\/index.php\/#primaryimage","url":"https:\/\/www.anett.fr\/wp-content\/uploads\/2023\/05\/location-et-entretien-des-textiles.png","contentUrl":"https:\/\/www.anett.fr\/wp-content\/uploads\/2023\/05\/location-et-entretien-des-textiles.png"},{"@type":"BreadcrumbList","@id":"https:\/\/www.anett.fr\/index.php\/#breadcrumb","itemListElement":[{"@type":"ListItem","position":1,"name":"Accueil","item":"https:\/\/www.anett.fr\/index.php\/"},{"@type":"ListItem","position":2,"name":"Accueil"}]},{"@type":"WebSite","@id":"https:\/\/www.anett.fr\/index.php\/#website","url":"https:\/\/www.anett.fr\/index.php\/","name":"Anett","description":"Nous portons chaque jour les valeurs de notre engagement","publisher":{"@id":"https:\/\/www.anett.fr\/index.php\/#organization"},"alternateName":"Anett, Diff\u00e9rents par Nature","potentialAction":[{"@type":"SearchAction","target":{"@type":"EntryPoint","urlTemplate":"https:\/\/www.anett.fr\/index.php\/?s={search_term_string}"},"query-input":{"@type":"PropertyValueSpecification","valueRequired":true,"valueName":"search_term_string"}}],"inLanguage":"fr-FR"},{"@type":"Organization","@id":"https:\/\/www.anett.fr\/index.php\/#organization","name":"Anett","alternateName":"Anett, Diff\u00e9rents par Nature","url":"https:\/\/www.anett.fr\/index.php\/","logo":{"@type":"ImageObject","inLanguage":"fr-FR","@id":"https:\/\/www.anett.fr\/index.php\/#\/schema\/logo\/image\/","url":"https:\/\/www.anett.fr\/wp-content\/uploads\/2024\/02\/logo-anett-2024.png","contentUrl":"https:\/\/www.anett.fr\/wp-content\/uploads\/2024\/02\/logo-anett-2024.png","width":696,"height":696,"caption":"Anett"},"image":{"@id":"https:\/\/www.anett.fr\/index.php\/#\/schema\/logo\/image\/"},"sameAs":["https:\/\/www.facebook.com\/profile.php?id=100065673331976","https:\/\/www.linkedin.com\/company\/anett\/"]}]}},"_links":{"self":[{"href":"https:\/\/www.anett.fr\/index.php\/wp-json\/wp\/v2\/pages\/459","targetHints":{"allow":["GET"]}}],"collection":[{"href":"https:\/\/www.anett.fr\/index.php\/wp-json\/wp\/v2\/pages"}],"about":[{"href":"https:\/\/www.anett.fr\/index.php\/wp-json\/wp\/v2\/types\/page"}],"author":[{"embeddable":true,"href":"https:\/\/www.anett.fr\/index.php\/wp-json\/wp\/v2\/users\/5"}],"replies":[{"embeddable":true,"href":"https:\/\/www.anett.fr\/index.php\/wp-json\/wp\/v2\/comments?post=459"}],"version-history":[{"count":12,"href":"https:\/\/www.anett.fr\/index.php\/wp-json\/wp\/v2\/pages\/459\/revisions"}],"predecessor-version":[{"id":115688,"href":"https:\/\/www.anett.fr\/index.php\/wp-json\/wp\/v2\/pages\/459\/revisions\/115688"}],"wp:attachment":[{"href":"https:\/\/www.anett.fr\/index.php\/wp-json\/wp\/v2\/media?parent=459"}],"curies":[{"name":"wp","href":"https:\/\/api.w.org\/{rel}","templated":true}]}}