{"id":749,"date":"2023-05-25T16:59:27","date_gmt":"2023-05-25T14:59:27","guid":{"rendered":"https:\/\/www.anett.fr\/?page_id=749"},"modified":"2024-04-26T10:46:32","modified_gmt":"2024-04-26T08:46:32","slug":"la-location-entretien","status":"publish","type":"page","link":"https:\/\/www.anett.fr\/index.php\/nos-prestations\/la-location-entretien\/","title":{"rendered":"La location-entretien"},"content":{"rendered":"\n<h2>\n\t\tLocation &#8211; Entretien\n\t<\/h2>\n<h2>\n\t\tLa location et l&rsquo;entretien de linge et v\u00eatements professionnels\n\t<\/h2>\n\t<ul>\n\t\t<li>\t\t\n\t\t\t\t<img decoding=\"async\" src=\"https:\/\/www.anett.fr\/wp-content\/uploads\/2023\/05\/puce-tab.png\" alt=\"puce-tab\" title=\"puce-tab\" itemprop=\"image\"\/>\n\t\t<h3>Conseils et accompagnement<\/h3><p>Anett vous conseille et vous accompagne sur une solution globale pour la location-entretien d&rsquo;articles textiles et d&rsquo;hygi\u00e8ne. Nous vous conseillons au quotidien dans le respect des sp\u00e9cificit\u00e9s de votre m\u00e9tier et en int\u00e9grant vos besoins en location de linge et de v\u00eatements professionnels.<\/p><\/li>\t<\/ul>\n\t\t\t\t<a href=\"#avantages-anett\" target=\"_self\" itemprop=\"url\" rel=\"noopener\">\n\t\t\t\t<img loading=\"lazy\" decoding=\"async\" src=\"https:\/\/www.anett.fr\/wp-content\/uploads\/2023\/06\/go-down.png\" alt=\"go-down\" itemprop=\"image\" height=\"87\" width=\"77\" title=\"go-down\" onerror=\"this.style.display='none'\"  \/>\n\t\t\t\t<\/a>\n<h2>\n\t\tPourquoi louer  son linge et ses v\u00eatements professionnels ? \n\t<\/h2>\n<h2>\n\t\tUn expert, des solutions.\n\t<\/h2>\n\t<p>La <strong>location-entretien<\/strong>, c&rsquo;est vous permettre de vous concentrer sur votre m\u00e9tier et faire le choix de s&rsquo;appuyer sur un <strong>prestataire expert<\/strong> qui vous apportera des <strong>solutions r\u00e9pondant aux exigences de votre m\u00e9tier<\/strong>.<\/p>\n<p>Parce que chaque m\u00e9tier est unique, parce que vos besoins sont vari\u00e9s, Anett s&rsquo;adapte et vous conseille tout au long de votre d\u00e9marche pour s&rsquo;assurer de r\u00e9pondre pr\u00e9cis\u00e9ment \u00e0 vos exigences.<\/p>\n<p>Nous habillons vos collaborateurs avec des articles qui r\u00e9pondent aux exigences d&rsquo;hygi\u00e8ne et de s\u00e9curit\u00e9 de votre activit\u00e9 notamment par la fourniture de v\u00eatements professionnels adapt\u00e9s aux risques de votre m\u00e9tier (EPI &#8230;).<\/p>\n\t<p>Facteurs de reconnaissance de votre entreprise, vos collaborateurs v\u00e9hiculent ainsi votre marque aupr\u00e8s de vos clients.<\/p>\n<p><strong>Nous participons \u00e0 la notori\u00e9t\u00e9 de votre \u00e9tablissement en vous fournissant du linge permettant de satisfaire votre client\u00e8le.<\/strong><\/p>\n<p>Nous prenons soin de vos patients et\/ou r\u00e9sidents avec nos gammes d\u00e9di\u00e9es aux \u00e9tablissements de sant\u00e9.<\/p>\n<h2>\n\t\tChoisir Anett c&rsquo;est s&rsquo;engager <br \/>dans une v\u00e9ritable relation de  confiance et de proximit\u00e9\n\t<\/h2>\n\t<ul>\n\t\t<li>\t\t\n\t\t\t\t<img decoding=\"async\" src=\"https:\/\/www.anett.fr\/wp-content\/uploads\/2023\/11\/vous-connaitre-anett.png\" alt=\"vous-connaitre-anett\" title=\"vous-connaitre-anett\" itemprop=\"image\"\/>\n\t\t<p>En mettant toute notre expertise au service d&rsquo;un audit et d&rsquo;un diagnostic, vous apportant le meilleur conseil et des pr\u00e9conisations pertinentes.<\/p><\/li><li>\t\t\n\t\t\t\t<img decoding=\"async\" src=\"https:\/\/www.anett.fr\/wp-content\/uploads\/2023\/11\/anett-conseiller.png\" alt=\"anett-conseiller\" title=\"anett-conseiller\" itemprop=\"image\"\/>\n\t\t<p>En int\u00e9grant une d\u00e9marche d&rsquo;achat responsable et les principes d&rsquo;\u00e9conomie circulaire, auxquels nous sommes fondamentalement attach\u00e9s.<\/p><\/li><li>\t\t\n\t\t\t\t<img decoding=\"async\" src=\"https:\/\/www.anett.fr\/wp-content\/uploads\/2023\/11\/accompagner-anett.png\" alt=\"accompagner-anett\" title=\"accompagner-anett\" itemprop=\"image\"\/>\n\t\t<p>En cr\u00e9ant un v\u00e9ritable engagement<br \/>relationnel et une continuit\u00e9 d&rsquo;\u00e9coute<br \/>(livret d&rsquo;accompagnement, bilan de mise<br \/>en place, visite client, enqu\u00eate de satisfaction).<\/p><\/li>\t<\/ul>\n\t\t\t\t<img loading=\"lazy\" decoding=\"async\" src=\"https:\/\/www.anett.fr\/wp-content\/uploads\/2024\/02\/Anett-Poster-a71.jpg\" alt=\"Anett-Poster-a71\" itemprop=\"image\" height=\"1153\" width=\"1920\" title=\"Anett-Poster-a71\" onerror=\"this.style.display='none'\"  \/>\n\t\t\t\t<img loading=\"lazy\" decoding=\"async\" src=\"https:\/\/www.anett.fr\/wp-content\/uploads\/2023\/05\/fond-point-blanc.png\" alt=\"fond-point-blanc\" itemprop=\"image\" height=\"49\" width=\"49\" title=\"fond-point-blanc\" onerror=\"this.style.display='none'\"  \/>\n<h2>\n\t\tNos offres  compl\u00e9mentaires\n\t<\/h2>\n<h2>\n\t\tProtection des sols, produits et accessoires, fontaine \u00e0 eau&#8230;\n\t<\/h2>\n\t\t\t<a href=\"https:\/\/www.anett.fr\/nos-prestations\/offres-complementaires\/\" target=\"_self\" role=\"button\" aria-label=\"Nos solutions et services compl\u00e9mentaires\" rel=\"noopener\">\n\t\t\t\t\t\t\tNos solutions et services compl\u00e9mentaires\n\t\t<\/a>\n\t\t\t\t<img loading=\"lazy\" decoding=\"async\" src=\"https:\/\/www.anett.fr\/wp-content\/uploads\/2023\/05\/fond-point-blanc.png\" alt=\"fond-point-blanc\" itemprop=\"image\" height=\"49\" width=\"49\" title=\"fond-point-blanc\" onerror=\"this.style.display='none'\"  \/>\n\t\t\t\t<img loading=\"lazy\" decoding=\"async\" src=\"https:\/\/www.anett.fr\/wp-content\/uploads\/2023\/05\/vous-avez-une-question.png\" alt=\"vous-avez-une-question\" itemprop=\"image\" height=\"136\" width=\"272\" title=\"vous-avez-une-question\" onerror=\"this.style.display='none'\"  \/>\n<h2>\n\t\tEt si nous parlions de vos besoins ?\n\t<\/h2>\n<h2>\n\t\tParlons-en ensemble.\n\t<\/h2>\n\t\t\t<a href=\"https:\/\/www.anett.fr\/contact\/\" target=\"_self\" role=\"button\" aria-label=\"&lt;span class=&quot;nowrap&quot;&gt;Rencontrons-nous !&lt;\/span&gt;\" rel=\"noopener\">\n\t\t\t\t\t\t\tRencontrons-nous !\n\t\t<\/a>\n\n","protected":false},"excerpt":{"rendered":"<p>Location &#8211; Entretien La location et l&rsquo;entretien de linge et v\u00eatements professionnels Conseils et accompagnement Anett vous conseille et vous accompagne sur une solution globale pour la location-entretien d&rsquo;articles textiles et d&rsquo;hygi\u00e8ne. Nous vous conseillons au quotidien dans le respect des sp\u00e9cificit\u00e9s de votre m\u00e9tier et en int\u00e9grant vos besoins en location de linge et&hellip;<\/p>\n","protected":false},"author":5,"featured_media":0,"parent":602,"menu_order":0,"comment_status":"closed","ping_status":"closed","template":"","meta":{"footnotes":""},"class_list":["post-749","page","type-page","status-publish","hentry"],"yoast_head":"<!-- This site is optimized with the Yoast SEO plugin v27.4 - https:\/\/yoast.com\/product\/yoast-seo-wordpress\/ -->\n<title>La location-entretien de v\u00eatements professionnels - Anett<\/title>\n<meta name=\"description\" content=\"ANETT vous conseille au quotidien dans le respect des sp\u00e9cificit\u00e9s de votre m\u00e9tier et en int\u00e9grant vos besoins en location de linge et de v\u00eatements professionnels. ANETT vous propose \u00e9galement un service sur-mesure et une solution globale pour la location-entretien d\u2019articles textiles et d\u2019hygi\u00e8ne.\" \/>\n<meta name=\"robots\" content=\"index, follow, max-snippet:-1, max-image-preview:large, max-video-preview:-1\" \/>\n<link rel=\"canonical\" href=\"https:\/\/www.anett.fr\/index.php\/nos-prestations\/la-location-entretien\/\" \/>\n<meta property=\"og:locale\" content=\"fr_FR\" \/>\n<meta property=\"og:type\" content=\"article\" \/>\n<meta property=\"og:title\" content=\"La location-entretien de v\u00eatements professionnels - Anett\" \/>\n<meta property=\"og:description\" content=\"ANETT vous conseille au quotidien dans le respect des sp\u00e9cificit\u00e9s de votre m\u00e9tier et en int\u00e9grant vos besoins en location de linge et de v\u00eatements professionnels. ANETT vous propose \u00e9galement un service sur-mesure et une solution globale pour la location-entretien d\u2019articles textiles et d\u2019hygi\u00e8ne.\" \/>\n<meta property=\"og:url\" content=\"https:\/\/www.anett.fr\/index.php\/nos-prestations\/la-location-entretien\/\" \/>\n<meta property=\"og:site_name\" content=\"Anett\" \/>\n<meta property=\"article:publisher\" content=\"https:\/\/www.facebook.com\/profile.php?id=100065673331976\" \/>\n<meta property=\"article:modified_time\" content=\"2024-04-26T08:46:32+00:00\" \/>\n<meta property=\"og:image\" content=\"https:\/\/www.anett.fr\/wp-content\/uploads\/2023\/05\/puce-tab.png\" \/>\n<meta name=\"twitter:card\" content=\"summary_large_image\" \/>\n<meta name=\"twitter:label1\" content=\"Dur\u00e9e de lecture estim\u00e9e\" \/>\n\t<meta name=\"twitter:data1\" content=\"6 minutes\" \/>\n<script type=\"application\/ld+json\" class=\"yoast-schema-graph\">{\"@context\":\"https:\\\/\\\/schema.org\",\"@graph\":[{\"@type\":\"WebPage\",\"@id\":\"https:\\\/\\\/www.anett.fr\\\/index.php\\\/nos-prestations\\\/la-location-entretien\\\/\",\"url\":\"https:\\\/\\\/www.anett.fr\\\/index.php\\\/nos-prestations\\\/la-location-entretien\\\/\",\"name\":\"La location-entretien de v\u00eatements professionnels - Anett\",\"isPartOf\":{\"@id\":\"https:\\\/\\\/www.anett.fr\\\/index.php\\\/#website\"},\"primaryImageOfPage\":{\"@id\":\"https:\\\/\\\/www.anett.fr\\\/index.php\\\/nos-prestations\\\/la-location-entretien\\\/#primaryimage\"},\"image\":{\"@id\":\"https:\\\/\\\/www.anett.fr\\\/index.php\\\/nos-prestations\\\/la-location-entretien\\\/#primaryimage\"},\"thumbnailUrl\":\"https:\\\/\\\/www.anett.fr\\\/wp-content\\\/uploads\\\/2023\\\/05\\\/puce-tab.png\",\"datePublished\":\"2023-05-25T14:59:27+00:00\",\"dateModified\":\"2024-04-26T08:46:32+00:00\",\"description\":\"ANETT vous conseille au quotidien dans le respect des sp\u00e9cificit\u00e9s de votre m\u00e9tier et en int\u00e9grant vos besoins en location de linge et de v\u00eatements professionnels. ANETT vous propose \u00e9galement un service sur-mesure et une solution globale pour la location-entretien d\u2019articles textiles et d\u2019hygi\u00e8ne.\",\"breadcrumb\":{\"@id\":\"https:\\\/\\\/www.anett.fr\\\/index.php\\\/nos-prestations\\\/la-location-entretien\\\/#breadcrumb\"},\"inLanguage\":\"fr-FR\",\"potentialAction\":[{\"@type\":\"ReadAction\",\"target\":[\"https:\\\/\\\/www.anett.fr\\\/index.php\\\/nos-prestations\\\/la-location-entretien\\\/\"]}]},{\"@type\":\"ImageObject\",\"inLanguage\":\"fr-FR\",\"@id\":\"https:\\\/\\\/www.anett.fr\\\/index.php\\\/nos-prestations\\\/la-location-entretien\\\/#primaryimage\",\"url\":\"https:\\\/\\\/www.anett.fr\\\/wp-content\\\/uploads\\\/2023\\\/05\\\/puce-tab.png\",\"contentUrl\":\"https:\\\/\\\/www.anett.fr\\\/wp-content\\\/uploads\\\/2023\\\/05\\\/puce-tab.png\"},{\"@type\":\"BreadcrumbList\",\"@id\":\"https:\\\/\\\/www.anett.fr\\\/index.php\\\/nos-prestations\\\/la-location-entretien\\\/#breadcrumb\",\"itemListElement\":[{\"@type\":\"ListItem\",\"position\":1,\"name\":\"Accueil\",\"item\":\"https:\\\/\\\/www.anett.fr\\\/index.php\\\/\"},{\"@type\":\"ListItem\",\"position\":2,\"name\":\"Nos prestations\",\"item\":\"https:\\\/\\\/www.anett.fr\\\/index.php\\\/nos-prestations\\\/\"},{\"@type\":\"ListItem\",\"position\":3,\"name\":\"La location-entretien\"}]},{\"@type\":\"WebSite\",\"@id\":\"https:\\\/\\\/www.anett.fr\\\/index.php\\\/#website\",\"url\":\"https:\\\/\\\/www.anett.fr\\\/index.php\\\/\",\"name\":\"Anett\",\"description\":\"Nous portons chaque jour les valeurs de notre engagement\",\"publisher\":{\"@id\":\"https:\\\/\\\/www.anett.fr\\\/index.php\\\/#organization\"},\"alternateName\":\"Anett, Diff\u00e9rents par Nature\",\"potentialAction\":[{\"@type\":\"SearchAction\",\"target\":{\"@type\":\"EntryPoint\",\"urlTemplate\":\"https:\\\/\\\/www.anett.fr\\\/index.php\\\/?s={search_term_string}\"},\"query-input\":{\"@type\":\"PropertyValueSpecification\",\"valueRequired\":true,\"valueName\":\"search_term_string\"}}],\"inLanguage\":\"fr-FR\"},{\"@type\":\"Organization\",\"@id\":\"https:\\\/\\\/www.anett.fr\\\/index.php\\\/#organization\",\"name\":\"Anett\",\"alternateName\":\"Anett, Diff\u00e9rents par Nature\",\"url\":\"https:\\\/\\\/www.anett.fr\\\/index.php\\\/\",\"logo\":{\"@type\":\"ImageObject\",\"inLanguage\":\"fr-FR\",\"@id\":\"https:\\\/\\\/www.anett.fr\\\/index.php\\\/#\\\/schema\\\/logo\\\/image\\\/\",\"url\":\"https:\\\/\\\/www.anett.fr\\\/wp-content\\\/uploads\\\/2024\\\/02\\\/logo-anett-2024.png\",\"contentUrl\":\"https:\\\/\\\/www.anett.fr\\\/wp-content\\\/uploads\\\/2024\\\/02\\\/logo-anett-2024.png\",\"width\":696,\"height\":696,\"caption\":\"Anett\"},\"image\":{\"@id\":\"https:\\\/\\\/www.anett.fr\\\/index.php\\\/#\\\/schema\\\/logo\\\/image\\\/\"},\"sameAs\":[\"https:\\\/\\\/www.facebook.com\\\/profile.php?id=100065673331976\",\"https:\\\/\\\/www.linkedin.com\\\/company\\\/anett\\\/\"]}]}<\/script>\n<!-- \/ Yoast SEO plugin. -->","yoast_head_json":{"title":"La location-entretien de v\u00eatements professionnels - Anett","description":"ANETT vous conseille au quotidien dans le respect des sp\u00e9cificit\u00e9s de votre m\u00e9tier et en int\u00e9grant vos besoins en location de linge et de v\u00eatements professionnels. ANETT vous propose \u00e9galement un service sur-mesure et une solution globale pour la location-entretien d\u2019articles textiles et d\u2019hygi\u00e8ne.","robots":{"index":"index","follow":"follow","max-snippet":"max-snippet:-1","max-image-preview":"max-image-preview:large","max-video-preview":"max-video-preview:-1"},"canonical":"https:\/\/www.anett.fr\/index.php\/nos-prestations\/la-location-entretien\/","og_locale":"fr_FR","og_type":"article","og_title":"La location-entretien de v\u00eatements professionnels - Anett","og_description":"ANETT vous conseille au quotidien dans le respect des sp\u00e9cificit\u00e9s de votre m\u00e9tier et en int\u00e9grant vos besoins en location de linge et de v\u00eatements professionnels. ANETT vous propose \u00e9galement un service sur-mesure et une solution globale pour la location-entretien d\u2019articles textiles et d\u2019hygi\u00e8ne.","og_url":"https:\/\/www.anett.fr\/index.php\/nos-prestations\/la-location-entretien\/","og_site_name":"Anett","article_publisher":"https:\/\/www.facebook.com\/profile.php?id=100065673331976","article_modified_time":"2024-04-26T08:46:32+00:00","og_image":[{"url":"https:\/\/www.anett.fr\/wp-content\/uploads\/2023\/05\/puce-tab.png","type":"","width":"","height":""}],"twitter_card":"summary_large_image","twitter_misc":{"Dur\u00e9e de lecture estim\u00e9e":"6 minutes"},"schema":{"@context":"https:\/\/schema.org","@graph":[{"@type":"WebPage","@id":"https:\/\/www.anett.fr\/index.php\/nos-prestations\/la-location-entretien\/","url":"https:\/\/www.anett.fr\/index.php\/nos-prestations\/la-location-entretien\/","name":"La location-entretien de v\u00eatements professionnels - Anett","isPartOf":{"@id":"https:\/\/www.anett.fr\/index.php\/#website"},"primaryImageOfPage":{"@id":"https:\/\/www.anett.fr\/index.php\/nos-prestations\/la-location-entretien\/#primaryimage"},"image":{"@id":"https:\/\/www.anett.fr\/index.php\/nos-prestations\/la-location-entretien\/#primaryimage"},"thumbnailUrl":"https:\/\/www.anett.fr\/wp-content\/uploads\/2023\/05\/puce-tab.png","datePublished":"2023-05-25T14:59:27+00:00","dateModified":"2024-04-26T08:46:32+00:00","description":"ANETT vous conseille au quotidien dans le respect des sp\u00e9cificit\u00e9s de votre m\u00e9tier et en int\u00e9grant vos besoins en location de linge et de v\u00eatements professionnels. ANETT vous propose \u00e9galement un service sur-mesure et une solution globale pour la location-entretien d\u2019articles textiles et d\u2019hygi\u00e8ne.","breadcrumb":{"@id":"https:\/\/www.anett.fr\/index.php\/nos-prestations\/la-location-entretien\/#breadcrumb"},"inLanguage":"fr-FR","potentialAction":[{"@type":"ReadAction","target":["https:\/\/www.anett.fr\/index.php\/nos-prestations\/la-location-entretien\/"]}]},{"@type":"ImageObject","inLanguage":"fr-FR","@id":"https:\/\/www.anett.fr\/index.php\/nos-prestations\/la-location-entretien\/#primaryimage","url":"https:\/\/www.anett.fr\/wp-content\/uploads\/2023\/05\/puce-tab.png","contentUrl":"https:\/\/www.anett.fr\/wp-content\/uploads\/2023\/05\/puce-tab.png"},{"@type":"BreadcrumbList","@id":"https:\/\/www.anett.fr\/index.php\/nos-prestations\/la-location-entretien\/#breadcrumb","itemListElement":[{"@type":"ListItem","position":1,"name":"Accueil","item":"https:\/\/www.anett.fr\/index.php\/"},{"@type":"ListItem","position":2,"name":"Nos prestations","item":"https:\/\/www.anett.fr\/index.php\/nos-prestations\/"},{"@type":"ListItem","position":3,"name":"La location-entretien"}]},{"@type":"WebSite","@id":"https:\/\/www.anett.fr\/index.php\/#website","url":"https:\/\/www.anett.fr\/index.php\/","name":"Anett","description":"Nous portons chaque jour les valeurs de notre engagement","publisher":{"@id":"https:\/\/www.anett.fr\/index.php\/#organization"},"alternateName":"Anett, Diff\u00e9rents par Nature","potentialAction":[{"@type":"SearchAction","target":{"@type":"EntryPoint","urlTemplate":"https:\/\/www.anett.fr\/index.php\/?s={search_term_string}"},"query-input":{"@type":"PropertyValueSpecification","valueRequired":true,"valueName":"search_term_string"}}],"inLanguage":"fr-FR"},{"@type":"Organization","@id":"https:\/\/www.anett.fr\/index.php\/#organization","name":"Anett","alternateName":"Anett, Diff\u00e9rents par Nature","url":"https:\/\/www.anett.fr\/index.php\/","logo":{"@type":"ImageObject","inLanguage":"fr-FR","@id":"https:\/\/www.anett.fr\/index.php\/#\/schema\/logo\/image\/","url":"https:\/\/www.anett.fr\/wp-content\/uploads\/2024\/02\/logo-anett-2024.png","contentUrl":"https:\/\/www.anett.fr\/wp-content\/uploads\/2024\/02\/logo-anett-2024.png","width":696,"height":696,"caption":"Anett"},"image":{"@id":"https:\/\/www.anett.fr\/index.php\/#\/schema\/logo\/image\/"},"sameAs":["https:\/\/www.facebook.com\/profile.php?id=100065673331976","https:\/\/www.linkedin.com\/company\/anett\/"]}]}},"_links":{"self":[{"href":"https:\/\/www.anett.fr\/index.php\/wp-json\/wp\/v2\/pages\/749","targetHints":{"allow":["GET"]}}],"collection":[{"href":"https:\/\/www.anett.fr\/index.php\/wp-json\/wp\/v2\/pages"}],"about":[{"href":"https:\/\/www.anett.fr\/index.php\/wp-json\/wp\/v2\/types\/page"}],"author":[{"embeddable":true,"href":"https:\/\/www.anett.fr\/index.php\/wp-json\/wp\/v2\/users\/5"}],"replies":[{"embeddable":true,"href":"https:\/\/www.anett.fr\/index.php\/wp-json\/wp\/v2\/comments?post=749"}],"version-history":[{"count":0,"href":"https:\/\/www.anett.fr\/index.php\/wp-json\/wp\/v2\/pages\/749\/revisions"}],"up":[{"embeddable":true,"href":"https:\/\/www.anett.fr\/index.php\/wp-json\/wp\/v2\/pages\/602"}],"wp:attachment":[{"href":"https:\/\/www.anett.fr\/index.php\/wp-json\/wp\/v2\/media?parent=749"}],"curies":[{"name":"wp","href":"https:\/\/api.w.org\/{rel}","templated":true}]}}